{"id":142,"date":"2025-05-20T11:22:03","date_gmt":"2025-05-20T14:22:03","guid":{"rendered":"https:\/\/eventos.uel.br\/mwpde\/?page_id=142"},"modified":"2026-02-22T07:31:10","modified_gmt":"2026-02-22T10:31:10","slug":"programacao-completa","status":"publish","type":"page","link":"https:\/\/eventos.uel.br\/mwpde\/programacao-completa\/","title":{"rendered":"Programa\u00e7\u00e3o"},"content":{"rendered":"\n<hr class=\"wp-block-separator has-text-color has-verde-escuro-color has-alpha-channel-opacity has-verde-escuro-background-color has-background is-style-wide\" \/>\n\n\n\n<p>O MWPDE contar\u00e1 com sess\u00f5es de Palestras (PA) e P\u00f4steres (PO) conforme a programa\u00e7\u00e3o abaixo.<\/p>\n\n\n\n<div>\n  <table style=\"border-collapse:collapse;width:100%;min-width:680px;font-family:Arial, Helvetica, sans-serif;font-size:14px\">\n    <thead>\n      <tr>\n        <th style=\"border:1px solid #222;padding:10px;text-align:center;background:#f2f2f2\">Hor\u00e1rio<\/th>\n        <th style=\"border:1px solid #222;padding:10px;text-align:center;background:#f2f2f2\">26\/02 (QUI)<\/th>\n        <th style=\"border:1px solid #222;padding:10px;text-align:center;background:#f2f2f2\">27\/02 (SEX)<\/th>\n      <\/tr>\n    <\/thead>\n\n    <tbody>\n      <tr>\n        <td style=\"border:1px solid #222;padding:10px;text-align:center\">08:00 \u2013 08:30<\/td>\n        <td style=\"border:1px solid #222;padding:10px;text-align:center\">Recep\u00e7\u00e3o<\/td>\n        <td style=\"border:1px solid #222;padding:10px;text-align:center\">&#8212;<\/td>\n      <\/tr>\n\n      <tr>\n        <td style=\"border:1px solid #222;padding:10px;text-align:center\">08:30 \u2013 09:00<\/td>\n        <td style=\"border:1px solid #222;padding:10px;text-align:center\">Abertura<\/td>\n        <td style=\"border:1px solid #222;padding:10px;text-align:center;background:#eaf1df\">Pedro R. Lima (UFRRJ)<\/td>\n      <\/tr>\n\n      <tr>\n        <td style=\"border:1px solid #222;padding:10px;text-align:center\">09:00 \u2013 09:30<\/td>\n        <!-- Ma To Fu ocupa 09:00\u201310:00 -->\n        <td rowspan=\"2\" style=\"border:1px solid #222;padding:10px;text-align:center;background:#e8b9b9;font-weight:600\">\n          Ma To Fu<br><span style=\"font-weight:400\">(UnB)<\/span>\n        <\/td>\n        <td style=\"border:1px solid #222;padding:10px;text-align:center;background:#eaf1df\">Angelo Guimar\u00e3es (UEG)<\/td>\n      <\/tr>\n\n      <tr>\n        <td style=\"border:1px solid #222;padding:10px;text-align:center\">09:30 \u2013 10:00<\/td>\n        <td style=\"border:1px solid #222;padding:10px;text-align:center;background:#eaf1df\">Mirelson M. Freitas (UnB)<\/td>\n      <\/tr>\n\n      <tr>\n        <td style=\"border:1px solid #222;padding:10px;text-align:center\">10:00 \u2013 10:30<\/td>\n        <td colspan=\"2\" style=\"border:1px solid #222;padding:10px;text-align:center;background:#d9eef4;font-weight:700\">\n          Coffee Break\n        <\/td>\n      <\/tr>\n\n      <tr>\n        <td style=\"border:1px solid #222;padding:10px;text-align:center\">10:30 \u2013 11:00<\/td>\n        <td style=\"border:1px solid #222;padding:10px;text-align:center;background:#eaf1df\">Eduardo H. G. Tavares (DGUT)<\/td>\n        <td style=\"border:1px solid #222;padding:10px;text-align:center;background:#eaf1df\">Estefani M. Moreira (IME-USP)<\/td>\n      <\/tr>\n\n      <tr>\n        <td style=\"border:1px solid #222;padding:10px;text-align:center\">11:00 \u2013 11:30<\/td>\n        <td style=\"border:1px solid #222;padding:10px;text-align:center;background:#eaf1df\">Bianca M. R. Calsavara (UNICAMP)<\/td>\n        <td style=\"border:1px solid #222;padding:10px;text-align:center;background:#eaf1df\">Leonel G. Delatorre (UFSM)<\/td>\n      <\/tr>\n\n      <tr>\n        <td style=\"border:1px solid #222;padding:10px;text-align:center\">11:30 \u2013 13:30<\/td>\n        <td colspan=\"2\" style=\"border:1px solid #222;padding:10px;text-align:center;background:#a9c36a;font-weight:700\">\n          Almo\u00e7o*\n        <\/td>\n      <\/tr>\n\n      <tr>\n        <td style=\"border:1px solid #222;padding:10px;text-align:center\">13:30 \u2013 14:00<\/td>\n        <td style=\"border:1px solid #222;padding:10px;text-align:center;background:#eaf1df\">Anderson J. A. Ramos (UFPA)<\/td>\n        <td style=\"border:1px solid #222;padding:10px;text-align:center;background:#eaf1df\">Maykel B. Belluzi (UFSCar)<\/td>\n      <\/tr>\n\n      <tr>\n        <td style=\"border:1px solid #222;padding:10px;text-align:center\">14:00 \u2013 14:30<\/td>\n        <td style=\"border:1px solid #222;padding:10px;text-align:center;background:#eaf1df\">Monisse P. Alves (UTFPR)<\/td>\n        <td style=\"border:1px solid #222;padding:10px;text-align:center;background:#eaf1df\">Wellington J. Corr\u00eaa (UTFPR)<\/td>\n      <\/tr>\n\n      <tr>\n        <td style=\"border:1px solid #222;padding:10px;text-align:center\">14:30 \u2013 15:00<\/td>\n        <td style=\"border:1px solid #222;padding:10px;text-align:center;background:#eaf1df\">Heraclio L. L. L\u00e1zaro (ICMC-USP)<\/td>\n        <td style=\"border:1px solid #222;padding:10px;text-align:center;background:#eaf1df\">Rodrigo N. Monteiro (UEL)<\/td>\n      <\/tr>\n\n      <tr>\n        <td style=\"border:1px solid #222;padding:10px;text-align:center\">15:00 \u2013 15:15<\/td>\n        <td colspan=\"2\" style=\"border:1px solid #222;padding:10px;text-align:center;background:#d9eef4;font-weight:700\">\n          Coffee Break\n        <\/td>\n      <\/tr>\n\n      <tr>\n        <td style=\"border:1px solid #222;padding:10px;text-align:center\">15:15 \u2013 15:55<\/td>\n        <td style=\"border:1px solid #222;padding:10px;text-align:center;background:#e6e1ef\">\n          P\u00f4ster (PO) \u2013 Sess\u00e3o 1<br><span style=\"font-size:13px\">PO1, PO2, PO3, PO4<\/span>\n        <\/td>\n        <td style=\"border:1px solid #222;padding:10px;text-align:center;background:#e6e1ef\">\n          P\u00f4ster (PO) \u2013 Sess\u00e3o 2<br><span style=\"font-size:13px\">PO5, PO6, PO7<\/span>\n        <\/td>\n      <\/tr>\n\n      <tr>\n        <td style=\"border:1px solid #222;padding:10px;text-align:center\">16:00 \u2013 16:30<\/td>\n        <td style=\"border:1px solid #222;padding:10px;text-align:center;background:#eaf1df\">Gabriel E. B. Moraes (UEL)<\/td>\n        <td style=\"border:1px solid #222;padding:10px;text-align:center;background:#eaf1df\">Carlos R. Takaessu Jr. (UFSCar)<\/td>\n      <\/tr>\n\n      <tr>\n        <td style=\"border:1px solid #222;padding:10px;text-align:center\">16:30 \u2013 17:00<\/td>\n        <td style=\"border:1px solid #222;padding:10px;text-align:center;background:#eaf1df\">Vando Narciso (UEMS)<\/td>\n        <td style=\"border:1px solid #222;padding:10px;text-align:center;background:#eaf1df\">Alberto S. No\u00e9 (UFAM)<\/td>\n      <\/tr>\n\n      <tr>\n        <td style=\"border:1px solid #222;padding:10px;text-align:center\">17:00 \u2013 17:10<\/td>\n        <td style=\"border:1px solid #222;padding:10px;text-align:center\">&#8212;<\/td>\n        <td style=\"border:1px solid #222;padding:10px;text-align:center\">Encerramento<\/td>\n      <\/tr>\n\n      <tr>\n        <td style=\"border:1px solid #222;padding:10px;text-align:center\">19:30 \u2013 11:00<\/td>\n        <td style=\"border:1px solid #222;padding:10px;text-align:center;background:#a9c36a;font-weight:700\">\n          Jantar de confraterniza\u00e7\u00e3o**\n        <\/td>\n        <td style=\"border:1px solid #222;padding:10px;text-align:center\"><\/td>\n      <\/tr>\n    <\/tbody>\n  <\/table>\n<\/div>\n\n\n\n<div style=\"height:23px\" aria-hidden=\"true\" class=\"wp-block-spacer\"><\/div>\n\n\n\n<p class=\"has-verde-escuro-color has-text-color has-link-color has-medium-font-size wp-elements-2ffacb6ab634496fcd2cf04be1cfbd33\"><strong><strong>Rela\u00e7\u00e3o dos palestrantes e das apresenta\u00e7\u00f5es de p\u00f4steres<\/strong><\/strong><\/p>\n\n\n\n<hr class=\"wp-block-separator has-text-color has-verde-escuro-color has-alpha-channel-opacity has-verde-escuro-background-color has-background is-style-wide\" \/>\n\n\n\n<div class=\"mwpde-wrap\">\n   <div class=\"mwpde-grid\">\n\n     <section class=\"mwpde-card\">\n      <h3><span class=\"mwpde-badge\">Palestras (PA)<\/span><\/h3><br>\n      <h3>26\/02 <\/h3>\n\n     <table style=\"width:100%;border-collapse:separate;border-spacing:0 14px\">\n\n        <thead>\n          <tr>\n            <th style=\"width:140px\"> <\/th>\n            <th> <\/th>\n          <\/tr>\n        <\/thead>\n        <tbody>\n          <tr>\n            <td class=\"mwpde-time\">09:00 \u2013 10:00<\/td>\n            <td>\n            <div style=\"background-color:#f2f2f2;padding:4px 8px;font-size:13px;display:inline-block\">\n  <b>Chair:<\/b> Marcio Jorge<\/div>\n              <div><span class=\"mwpde-code\">PA1 &#8211; <\/span> <span class=\"mwpde-speaker\">Ma To Fu<\/span> <span class=\"mwpde-affil\">(UnB)<\/span><\/div>\n              <div class=\"mwpde-talk\">Mathematical modeling for the analysis of PDEs<\/div>\n            <\/td>\n          <\/tr>\n          <tr>\n            <td class=\"mwpde-time\">10:30 \u2013 11:00<\/td>\n            <td>\n<div style=\"background-color:#f2f2f2;padding:4px 8px;font-size:13px;display:inline-block\">\n  <b>Chair:<\/b> Gabriel Moraes\n<\/div>\n              <div><span class=\"mwpde-code\">PA2 &#8211; <\/span> <span class=\"mwpde-speaker\">Eduardo H. G. Tavares<\/span> <span class=\"mwpde-affil\">(DGUT)<\/span><\/div>\n\n              <div class=\"mwpde-talk\">Principles of basic research<\/div>\n            <\/td>\n          <\/tr>\n          <tr>\n            <td class=\"mwpde-time\">11:00 \u2013 11:30<\/td>\n            <td>\n              <div><span class=\"mwpde-code\">PA3 &#8211; <\/span> <span class=\"mwpde-speaker\">Bianca M. R. Calsavara<\/span> <span class=\"mwpde-affil\">(UNICAMP)<\/span><\/div>\n              <div class=\"mwpde-talk\">Characterization of the uniform exponential stability for a thermo-viscoelastic Timoshenko system with memory<\/div>\n            <\/td>\n          <\/tr>\n          <tr>\n            <td class=\"mwpde-time\">13:30 \u2013 14:00<\/td>\n            <td>\n<div style=\"background-color:#f2f2f2;padding:4px 8px;font-size:13px;display:inline-block\">\n  <b>Chair:<\/b> Estefani Moreira<\/div>\n              <div><span class=\"mwpde-code\">PA4 &#8211; <\/span> <span class=\"mwpde-speaker\">Anderson J. A. Ramos<\/span> <span class=\"mwpde-affil\">(UFPA)<\/span><\/div>\n              <div class=\"mwpde-talk\">Structural and microthermal effects on the exponential stabilization of Poroelastic systems<\/div>\n            <\/td>\n          <\/tr>\n          <tr>\n            <td class=\"mwpde-time\">14:00 \u2013 14:30<\/td>\n            <td>\n              <div><span class=\"mwpde-code\">PA5 &#8211; <\/span> <span class=\"mwpde-speaker\">Monisse P. Alves<\/span> <span class=\"mwpde-affil\">(UTFPR)<\/span><\/div>\n              <div class=\"mwpde-talk\">Navier-Stokes Equations on Thin Domains<\/div>\n            <\/td>\n          <\/tr>\n          <tr>\n            <td class=\"mwpde-time\">14:30 \u2013 15:00<\/td>\n            <td>\n              <div><span class=\"mwpde-code\">PA6 &#8211; <\/span> <span class=\"mwpde-speaker\">Heraclio L. L. L\u00e1zaro<\/span> <span class=\"mwpde-affil\">(ICMC-USP)<\/span><\/div>\n              <div class=\"mwpde-talk\">Non-autonomous Dynamical Systems with Applications to Non-cylindrical Problems in PDEs<\/div>\n            <\/td>\n          <\/tr>\n          <tr>\n            <td class=\"mwpde-time\">16:00 \u2013 16:30<\/td>\n            <td>\n<div style=\"background-color:#f2f2f2;padding:4px 8px;font-size:13px;display:inline-block\">\n  <b>Chair:<\/b> Rodrigo  Monteiro<\/div>\n              <div><span class=\"mwpde-code\">PA7 &#8211; <\/span> <span class=\"mwpde-speaker\">Gabriel E. B. Moraes<\/span> <span class=\"mwpde-affil\">(UEL)<\/span><\/div>\n              <div class=\"mwpde-talk\">On the stability of Bresse systems: observability inequality via resolvent equation<\/div>\n            <\/td>\n          <\/tr>\n          <tr>\n            <td class=\"mwpde-time\">16:30 \u2013 17:00<\/td>\n            <td>\n              <div><span class=\"mwpde-code\">PA8 &#8211; <\/span> <span class=\"mwpde-speaker\">Vando Narciso<\/span> <span class=\"mwpde-affil\">(UEMS)<\/span><\/div>\n              <div class=\"mwpde-talk\">Attractors for the Wave Equation With Critical Growth Nonlinearities<\/div>\n            <\/td>\n          <\/tr>\n        <\/tbody>\n      <\/table>\n    <\/section><br>\n\n \n    <section class=\"mwpde-card\">\n      <h3>27\/02 <\/h3>\n\n    \n<table style=\"width:100%;border-collapse:separate;border-spacing:0 14px\">\n\n        <thead>\n          <tr>\n            <th style=\"width:140px\"> <\/th>\n            <th> <\/th>\n          <\/tr>\n        <\/thead>\n        <tbody>\n          <tr>\n            <td class=\"mwpde-time\">08:30 \u2013 09:00<\/td>\n            <td>\n<div style=\"background-color:#f2f2f2;padding:4px 8px;font-size:13px;display:inline-block\">\n  <b>Chair:<\/b> Eduardo  Tavares <\/div>\n              <div><span class=\"mwpde-code\">PA9 &#8211; <\/span> <span class=\"mwpde-speaker\">Pedro R. Lima<\/span> <span class=\"mwpde-affil\">(UFRRJ)<\/span><\/div>\n              <div class=\"mwpde-talk\">On the stabilization of twisted Bresse systems<\/div>\n            <\/td>\n          <\/tr>\n          <tr>\n            <td class=\"mwpde-time\">09:00 \u2013 09:30<\/td>\n            <td>\n              <div><span class=\"mwpde-code\">PA10 &#8211; <\/span> <span class=\"mwpde-speaker\">Angelo Guimar\u00e3es<\/span> <span class=\"mwpde-affil\">(UEG)<\/span><\/div>\n              <div class=\"mwpde-talk\">Existence and multiplicity of solution to fourth-order equations with critical Sobolev growth<\/div>\n            <\/td>\n          <\/tr>\n          <tr>\n            <td class=\"mwpde-time\">09:30 \u2013 10:00<\/td>\n            <td>\n              <div><span class=\"mwpde-code\">PA11 &#8211; <\/span> <span class=\"mwpde-speaker\">Mirelson M. Freitas<\/span> <span class=\"mwpde-affil\">(UnB)<\/span><\/div>\n              <div class=\"mwpde-talk\">Random Quasi-Stability and Long-Time Dynamics of Stochastic Piezoelectric Systems with Magnetic and Thermal Effects<\/div>\n            <\/td>\n          <\/tr>\n          <tr>\n            <td class=\"mwpde-time\">10:30 \u2013 11:00<\/td>\n            <td>\n<div style=\"background-color:#f2f2f2;padding:4px 8px;font-size:13px;display:inline-block\">\n  <b>Chair:<\/b> Anderson Ramos <\/div>\n              <div><span class=\"mwpde-code\">PA12 &#8211; <\/span> <span class=\"mwpde-speaker\">Estefani M. Moreira<\/span> <span class=\"mwpde-affil\">(IME-USP)<\/span><\/div>\n              <div class=\"mwpde-talk\">Existence of an inertial manifold for a nonlocal quasilinear scalar one-dimensional problem<\/div>\n            <\/td>\n          <\/tr>\n          <tr>\n            <td class=\"mwpde-time\">11:00 \u2013 11:30<\/td>\n            <td>\n              <div><span class=\"mwpde-code\">PA13 &#8211; <\/span> <span class=\"mwpde-speaker\">Leonel G. Delatorre<\/span> <span class=\"mwpde-affil\">(UFSM)<\/span><\/div>\n              <div class=\"mwpde-talk\">Timoshenko-Boltzmann systems with non-smooth memory kernels<\/div>\n            <\/td>\n          <\/tr>\n          <tr>\n            <td class=\"mwpde-time\">13:30 \u2013 14:00<\/td>\n            <td>\n<div style=\"background-color:#f2f2f2;padding:4px 8px;font-size:13px;display:inline-block\">\n  <b>Chair:<\/b> Mirelson Freitas <\/div>\n              <div><span class=\"mwpde-code\">PA14 &#8211; <\/span> <span class=\"mwpde-speaker\">Maykel B. Belluzi<\/span> <span class=\"mwpde-affil\">(UFSCar)<\/span><\/div>\n              <div class=\"mwpde-talk\">Semilinear Evolution Equations with time-dependent linear operators: existence of pullback attractors and permanence under perturbations<\/div>\n            <\/td>\n          <\/tr>\n          <tr>\n            <td class=\"mwpde-time\">14:00 \u2013 14:30<\/td>\n            <td>\n              <div><span class=\"mwpde-code\">PA15 &#8211; <\/span> <span class=\"mwpde-speaker\">Wellington J. Corr\u00eaa<\/span> <span class=\"mwpde-affil\">(UTFPR)<\/span><\/div>\n              <div class=\"mwpde-talk\">Asymptotic Behavior of Nonlinear Quintic Defocusing KGS with a Localized Damping<\/div>\n            <\/td>\n          <\/tr>\n          <tr>\n            <td class=\"mwpde-time\">14:30 \u2013 15:00<\/td>\n            <td>\n              <div><span class=\"mwpde-code\">PA16 &#8211; <\/span> <span class=\"mwpde-speaker\">Rodrigo N. Monteiro<\/span> <span class=\"mwpde-affil\">(UEL)<\/span><\/div>\n              <div class=\"mwpde-talk\">Lack of exponential stability for fully dissipative Timoshenko systems<\/div>\n            <\/td>\n          <\/tr>\n          <tr>\n            <td class=\"mwpde-time\">16:00 \u2013 16:30<\/td>\n            <td>\n<div style=\"background-color:#f2f2f2;padding:4px 8px;font-size:13px;display:inline-block\">\n  <b>Chair:<\/b> Marcio Jorge <\/div>\n              <div><span class=\"mwpde-code\">PA17 &#8211; <\/span> <span class=\"mwpde-speaker\">Carlos R. Takaessu Jr.<\/span> <span class=\"mwpde-affil\">(UFSCar)<\/span><\/div>\n              <div class=\"mwpde-talk\">Extension of the shadowing property to infinite dimensional dynamical systems<\/div>\n            <\/td>\n          <\/tr>\n          <tr>\n            <td class=\"mwpde-time\">16:30 \u2013 17:00<\/td>\n            <td>\n              <div><span class=\"mwpde-code\">PA18 &#8211; <\/span> <span class=\"mwpde-speaker\">Alberto S. No\u00e9<\/span> <span class=\"mwpde-affil\">(UFAM)<\/span><\/div>\n              <div class=\"mwpde-talk\">Exact analytical solution of the parabolic two-step model for nanoscale heat conduction<\/div>\n            <\/td>\n          <\/tr>\n        <\/tbody>\n      <\/table>\n    <\/section>\n\n  <\/div>\n<\/div>\n\n\n\n<div class=\"mwpde-wrap\" style=\"margin-top:24px\">\n\n  <div class=\"mwpde-grid\">\n\n    <br>\n    <section class=\"mwpde-card\">\n      <h3><span class=\"mwpde-badge\">P\u00f4steres (PO)<\/span><\/h3><br>\n<h3>26\/02  <\/span><\/h3>\n\n   \n<table style=\"width:100%;border-collapse:separate;border-spacing:0 14px\">\n\n        <thead>\n          <tr>\n            <th style=\"width:140px\"> <\/th>\n            <th> <\/th>\n          <\/tr>\n        <\/thead>\n        <tbody>\n          <tr>\n            <td class=\"mwpde-time\">15:15 \u2013 15:25<\/td>\n            <td>\n<div style=\"background-color:#f2f2f2;padding:4px 8px;font-size:13px;display:inline-block\">\n  <b>Chair:<\/b>  Pedro  Lima<\/div>\n              <div><span class=\"mwpde-code\">PO1 &#8211; <\/span> <span class=\"mwpde-speaker\">Beatriz Signori Lonardoni<\/span> <span class=\"mwpde-affil\">(UEM)<\/span><\/div>\n              <div class=\"mwpde-talk\">On the orbital stability of periodic snoidal-type solutions to the $\\phi^4$-equation<\/div>\n            <\/td>\n          <\/tr>\n          <tr>\n            <td class=\"mwpde-time\">15:25 \u2013 15:35<\/td>\n            <td>\n              <div><span class=\"mwpde-code\">PO2 &#8211; <\/span> <span class=\"mwpde-speaker\">Leonardo G. Ronchin Alves<\/span> <span class=\"mwpde-affil\">(UEM)<\/span><\/div>\n              <div class=\"mwpde-talk\">Comparison of long-time dynamics between the Bresse System and the Timoshenko\u2013wave system<\/div>\n            <\/td>\n          <\/tr>\n          <tr>\n            <td class=\"mwpde-time\">15:35 \u2013 15:45<\/td>\n            <td>\n              <div><span class=\"mwpde-code\">PO3 &#8211; <\/span> <span class=\"mwpde-speaker\">Isabela Caroline de Paula<\/span> <span class=\"mwpde-affil\">(UEL)<\/span><\/div>\n              <div class=\"mwpde-talk\">Aplica\u00e7\u00e3o de Equa\u00e7\u00f5es Diferenciais Parciais no Realce de Imagens de Impress\u00f5es Digitais<\/div>\n            <\/td>\n          <\/tr>\n          <tr>\n            <td class=\"mwpde-time\">15:45 \u2013 15:55<\/td>\n            <td>\n              <div><span class=\"mwpde-code\">PO4 &#8211; <\/span> <span class=\"mwpde-speaker\">Rafael Gabardo da Camara<\/span> <span class=\"mwpde-affil\">(UEL)<\/span><\/div>\n              <div class=\"mwpde-talk\">Asymptotic dynamics of an extensible beam model with fractional nonlocal damping<\/div>\n            <\/td>\n          <\/tr>\n        <\/tbody>\n      <\/table>\n    <\/section>\n\n   <br>\n    <section class=\"mwpde-card\">\n      <h3>27\/02 <\/h3>\n\n   <table style=\"width:100%;border-collapse:separate;border-spacing:0 14px\">\n        <thead>\n          <tr>\n            <th style=\"width:140px\"> <\/th>\n            <th> <\/th>\n          <\/tr>\n        <\/thead>\n        <tbody>\n          <tr>\n            <td class=\"mwpde-time\">15:15 \u2013 15:25<\/td>\n            <td>\n<div style=\"background-color:#f2f2f2;padding:4px 8px;font-size:13px;display:inline-block\">\n  <b>Chair:<\/b>  Pedro  Lima<\/div>\n              <div><span class=\"mwpde-code\">PO5 &#8211; <\/span> <span class=\"mwpde-speaker\">Paulo F. Mercadante Damazio<\/span> <span class=\"mwpde-affil\">(UEM)<\/span><\/div>\n              <div class=\"mwpde-talk\">Attractors for a two-dimensional Lam\u00e9 system with exponential nonlinearity<\/div>\n            <\/td>\n          <\/tr>\n          <tr>\n            <td class=\"mwpde-time\">15:25 \u2013 15:35<\/td>\n            <td>\n              <div><span class=\"mwpde-code\">PO6 &#8211; <\/span> <span class=\"mwpde-speaker\">Nathalia Alvares<\/span> <span class=\"mwpde-affil\">(UEL)<\/span><\/div>\n              <div class=\"mwpde-talk\">Comparison of the numerical accuracy of triangular and quadrangular meshes in the finite volume method<\/div>\n            <\/td>\n          <\/tr>\n          <tr>\n            <td class=\"mwpde-time\">15:35 \u2013 15:45<\/td>\n            <td>\n              <div><span class=\"mwpde-code\">PO7 &#8211; <\/span> <span class=\"mwpde-speaker\">Matheus Sadao Susuki<\/span> <span class=\"mwpde-affil\">(UEL)<\/span><\/div>\n              <div class=\"mwpde-talk\">Control Systems on Lie Groups<\/div>\n            <\/td>\n          <\/tr>\n        <\/tbody>\n      <\/table>\n \n    <\/section>\n\n  <\/div>\n<\/div>\n<br>\n\n\n\n<div style=\"height:17px\" aria-hidden=\"true\" class=\"wp-block-spacer\"><\/div>\n\n\n\n<p class=\"has-verde-escuro-color has-text-color has-link-color has-medium-font-size wp-elements-7b00705d6996a59b15ba14c7aa0c0b0d\"><strong><strong><strong>Programa\u00e7\u00e3o completa para download<\/strong><\/strong><\/strong><\/p>\n\n\n\n<hr class=\"wp-block-separator has-text-color has-verde-escuro-color has-alpha-channel-opacity has-verde-escuro-background-color has-background is-style-wide\" \/>\n\n\n\n<details class=\"wp-block-details is-layout-flow wp-block-details-is-layout-flow\"><summary>Programa\u00e7\u00e3o dispon\u00edvel para download \ud83d\udce5<\/summary>\n<div data-wp-interactive=\"core\/file\" class=\"wp-block-file\"><object data-wp-bind--hidden=\"!state.hasPdfPreview\" hidden class=\"wp-block-file__embed\" data=\"https:\/\/eventos.uel.br\/mwpde\/wp-content\/uploads\/2026\/02\/Programacao_final_com_chair.pdf\" type=\"application\/pdf\" style=\"width:100%;height:600px\" aria-label=\"Incorporado de Programacao_final_com_chair.\"><\/object><a id=\"wp-block-file--media-0c62d856-2f65-43d7-9125-f18635ebe8bc\" href=\"https:\/\/eventos.uel.br\/mwpde\/wp-content\/uploads\/2026\/02\/Programacao_final_com_chair.pdf\">Programacao_final_com_chair<\/a><a href=\"https:\/\/eventos.uel.br\/mwpde\/wp-content\/uploads\/2026\/02\/Programacao_final_com_chair.pdf\" class=\"wp-block-file__button wp-element-button\" download aria-describedby=\"wp-block-file--media-0c62d856-2f65-43d7-9125-f18635ebe8bc\">Baixar<\/a><\/div>\n<\/details>\n\n\n\n<div style=\"height:42px\" aria-hidden=\"true\" class=\"wp-block-spacer\"><\/div>\n\n\n\n<p>Os anais contendo a programa\u00e7\u00e3o completa do MWPDE, informa\u00e7\u00f5es e caderno de resumos, est\u00e1 dispon\u00edvel para download na aba <a href=\"https:\/\/eventos.uel.br\/mwpde\/anais-do-evento\/\" data-type=\"link\" data-id=\"https:\/\/eventos.uel.br\/mwpde\/anais-do-evento\/\">\ud83d\udc49Anais do Evento<\/a>.<\/p>\n\n\n\n<div style=\"height:21px\" aria-hidden=\"true\" class=\"wp-block-spacer\"><\/div>\n\n\n\n<p class=\"has-verde-escuro-color has-text-color has-link-color has-medium-font-size wp-elements-a4411a0933fdcdbae7e94217063494ec\"><strong><strong><strong>Local<\/strong><\/strong><\/strong><\/p>\n\n\n\n<hr class=\"wp-block-separator has-text-color has-verde-escuro-color has-alpha-channel-opacity has-verde-escuro-background-color has-background is-style-wide\" \/>\n\n\n\n<p>As atividades do MWPDE ser\u00e3o realizadas no LABESC &#8211; Laborat\u00f3rio Escola de P\u00f3s-Gradua\u00e7\u00e3o (Sala 04).<\/p>\n\n\n\n<div style=\"text-align:center\">\n  <a href=\"https:\/\/maps.app.goo.gl\/xLwzssJXeeKV8xeJA\" target=\"_blank\" style=\"display:inline-block;text-decoration:none\">\n  <div style=\"margin-top:8px;color:#28a745;font-weight:700\">\ud83d\udccd Abrir no Mapa<\/div>\n  <\/a>\n<\/div>\n\n\n\n<div style=\"height:32px\" aria-hidden=\"true\" class=\"wp-block-spacer\"><\/div>\n\n\n\n<p>* A foto oficial do MWPDE ser\u00e1 realizada \u00e0s 11h30&nbsp;no dia<strong>&nbsp;27\/02\/2026<\/strong>&nbsp;(sexta-feira), logo ap\u00f3s a \u00faltima palestra da sess\u00e3o matinal.<\/p>\n\n\n\n<p>** O jantar de confraterniza\u00e7\u00e3o do MWPDE ser\u00e1 realizado no restaurante&nbsp;Chimarr\u00e3o Grill, localizado na&nbsp;Av. Portugal, 267 &#8211; Igap\u00f3, Londrina &#8211; PR, 86040-170,&nbsp;no dia<strong>&nbsp;26\/02\/2026<\/strong>&nbsp;(quinta-feira), a partir das 19h30.<\/p>\n\n\n\n<p><\/p>\n","protected":false},"excerpt":{"rendered":"<p>O MWPDE contar\u00e1 com sess\u00f5es de Palestras (PA) e P\u00f4steres (PO) conforme a programa\u00e7\u00e3o abaixo. Hor\u00e1rio 26\/02 (QUI) 27\/02 (SEX) 08:00 \u2013 08:30 Recep\u00e7\u00e3o &#8212; 08:30 \u2013 09:00 Abertura Pedro R. Lima (UFRRJ) 09:00 \u2013 09:30 Ma To Fu(UnB) Angelo Guimar\u00e3es (UEG) 09:30 \u2013 10:00 Mirelson M. Freitas (UnB) 10:00 \u2013 10:30 Coffee Break 10:30 [&hellip;]<\/p>\n","protected":false},"author":6,"featured_media":0,"parent":0,"menu_order":0,"comment_status":"closed","ping_status":"closed","template":"","meta":{"_acf_changed":false,"_themeisle_gutenberg_block_has_review":false,"footnotes":""},"class_list":["post-142","page","type-page","status-publish","hentry"],"acf":[],"_links":{"self":[{"href":"https:\/\/eventos.uel.br\/mwpde\/wp-json\/wp\/v2\/pages\/142","targetHints":{"allow":["GET"]}}],"collection":[{"href":"https:\/\/eventos.uel.br\/mwpde\/wp-json\/wp\/v2\/pages"}],"about":[{"href":"https:\/\/eventos.uel.br\/mwpde\/wp-json\/wp\/v2\/types\/page"}],"author":[{"embeddable":true,"href":"https:\/\/eventos.uel.br\/mwpde\/wp-json\/wp\/v2\/users\/6"}],"replies":[{"embeddable":true,"href":"https:\/\/eventos.uel.br\/mwpde\/wp-json\/wp\/v2\/comments?post=142"}],"version-history":[{"count":117,"href":"https:\/\/eventos.uel.br\/mwpde\/wp-json\/wp\/v2\/pages\/142\/revisions"}],"predecessor-version":[{"id":875,"href":"https:\/\/eventos.uel.br\/mwpde\/wp-json\/wp\/v2\/pages\/142\/revisions\/875"}],"wp:attachment":[{"href":"https:\/\/eventos.uel.br\/mwpde\/wp-json\/wp\/v2\/media?parent=142"}],"curies":[{"name":"wp","href":"https:\/\/api.w.org\/{rel}","templated":true}]}}