{"id":23,"date":"2025-01-07T15:11:45","date_gmt":"2025-01-07T18:11:45","guid":{"rendered":"https:\/\/eventos.uel.br\/mostrapsi\/?page_id=23"},"modified":"2025-11-06T12:14:46","modified_gmt":"2025-11-06T15:14:46","slug":"cronograma","status":"publish","type":"page","link":"https:\/\/eventos.uel.br\/mostrapsi\/cronograma\/","title":{"rendered":"Programa\u00e7\u00e3o:"},"content":{"rendered":"\n<p><\/p>\n\n\n\n<figure class=\"wp-block-table\"><table class=\"has-fixed-layout\"><tbody><tr><td><strong>Hor\u00e1rio<\/strong><\/td><td colspan=\"3\"><strong>Quarta-feira 05\/11\/2025<\/strong><\/td><td colspan=\"3\"><strong>Quinta-feira 06\/11\/2025<\/strong><\/td><\/tr><tr><td>14h-15:30h<\/td><td colspan=\"3\">Roda de Conversa dos grupos de est\u00e1gio b\u00e1sico Turma 1000<br><em>Sala 201<\/em><\/td><td colspan=\"3\">Roda de conversa dos grupos de est\u00e1gio b\u00e1sico Turma 2000<br><em>Sala 201<\/em><\/td><\/tr><tr><td colspan=\"7\"><strong>Sexta-feira 07\/11\/2025<\/strong><\/td><\/tr><tr><td>8:00-8:30<\/td><td colspan=\"6\">Abertura do eventoInstala\u00e7\u00e3o dos p\u00f4steres<\/td><\/tr><tr><td>8:30-9:10<\/td><td colspan=\"2\">Comunica\u00e7\u00f5es orais de 1 a 3 &#8211; \u00canfase 1 <br><em>Cyro Grossi<\/em><\/td><td colspan=\"2\">Comunica\u00e7\u00f5es orais de 4 a 6 &#8211; \u00canfase 2 <br><em>Sala 201<\/em><\/td><td colspan=\"2\" rowspan=\"6\">Sess\u00e3o de p\u00f4steres<em>Sagu\u00e3o entre Cyro Grossi e sala 201&nbsp;<\/em><br><\/td><\/tr><tr><td>9:10-9:30h<\/td><td colspan=\"4\"><em>Coffe Break<\/em><\/td><\/tr><tr><td>9:30-11:30<\/td><td colspan=\"2\">Comunica\u00e7\u00f5es orais de 7 a 15 &#8211; \u00canfase 1 <em>Cyro Grossi<\/em><\/td><td colspan=\"2\">Comunica\u00e7\u00f5es orais de 16 a 24 &#8211; \u00canfase 2 <br><em>Sala 201<\/em><\/td><\/tr><tr><td>14:00-15:00<\/td><td colspan=\"4\">Mesa Redonda: <em>10 anos do plant\u00e3o psicol\u00f3gico na UEL<\/em><br><em>Cyro Grossi<\/em><\/td><\/tr><tr><td>15:00-15:20<\/td><td colspan=\"4\"><em>Coffe Break<\/em><\/td><\/tr><tr><td>15:20-17:20<\/td><td colspan=\"2\">Comunica\u00e7\u00f5es orais de 25 a 33 &#8211; \u00canfase 1 <br><em>Cyro Grossi<\/em><\/td><td colspan=\"2\">Comunica\u00e7\u00f5es orais de 34 a 42 &#8211; \u00canfase 1 <br><em>Sala 201<\/em><\/td><\/tr><tr><td>17:20<\/td><td colspan=\"6\">Encerramento do evento<br>Retirada dos p\u00f4steres<\/td><\/tr><\/tbody><\/table><\/figure>\n\n\n\n<p><strong>LISTAS DE CADA MODALIDADE:<\/strong><\/p>\n\n\n\n<p><strong>RODAS DE CONVERSA<\/strong><\/p>\n\n\n\n<p><\/p>\n\n\n\n<p><\/p>\n\n\n\n<figure class=\"wp-block-table\"><table class=\"has-fixed-layout\"><tbody><tr><td><strong>Data\/hor\u00e1rio<\/strong><\/td><td><strong>Trabalho<\/strong><\/td><td><strong>Autores<\/strong><\/td><\/tr><tr><td colspan=\"3\"><strong>Quarta-feira, 05\/11, 14:00-15:30<\/strong><\/td><\/tr><tr><td>14:00-14:10<\/td><td>O EST\u00c1GIO B\u00c1SICO EM PSICOLOGIA: PRIMEIRO CONTATO COM A PR\u00c1TICA<\/td><td>ISABELLA MELLO TURETA, ISABELLA SOARES DE OLIVEIRA NADER, ISADORA APARECIDA GON\u00c7ALVES ALVES, ISADORA FRANCISCA MOURA DOI, RAFAEL GUILLARDI ARMELIN<\/td><\/tr><tr><td>14:10-14:20<\/td><td>ROLE-PLAY COMO FERRAMENTA PARA APRENDIZAGEM DE HABILIDADES CL\u00cdNICAS<\/td><td>CLARA DE SOUZA LULA SANCHES, ANA JULIA DALAQUA DE SANTI, ANA LAURA CAMPOS DOS SANTOS, ANA LIVIA MELLO, ANA LUIZA POLI LOVERA, CAROLINE PRESTES VILA, CAUANY MEIRA DA COSTA, ELLEN CRISTINA APARECIDA DE AZEVEDO, ELOISA MIRANDA LIMA<\/td><\/tr><tr><td>14:20-14:30<\/td><td>REFLEX\u00d5ES SOBRE A ATUA\u00c7\u00c3O DA PSICOLOGIA NA POL\u00cdTICA DE SA\u00daDE: A EXPERI\u00caNCIA DO EST\u00c1GIO B\u00c1SICO<\/td><td>SAMUEL BELLO STRASS JULIA ABID DOS SANTOS, LAURA AKEMI SOARES YASUDA, L\u00cdVIA EDUARDA LEMOS ALEXANDRE, MAYRA CAMPOS FR\u00c2NCICA DOS SANTOS<\/td><\/tr><tr><td>14:30-14:40<\/td><td>MESA REDONDA: UMA POSSIBILIDADE POSS\u00cdVEL<\/td><td>GABRIEL BAGIO FURTOSO, FELIPE POTYRALA MORAIS, GABRIEL TOLOCZKO FERREIRA, MARINA ZUAN BENEDETTI CHENSO, NIDIA APARECIDA HERNANDES<\/td><\/tr><tr><td>14:40-14:50<\/td><td>CONSTRU\u00c7\u00c3O DE IDENTIDADE PROFISSIONAL: RELATO DE EXPERI\u00caNCIA DE EST\u00c1GIO NO HOSPITAL DAS CL\u00cdNICAS<\/td><td>ISABELLA GON\u00c7ALVES CARAVELI, DIRCEU EMANUEL DA SILVA, HELO\u00cdSA SAYURI TERADA, ISABELA MARIA DE SOUZA, ISABELA SASAKI SERATTI, LUCIANA BATISTA DA SILVA<\/td><\/tr><tr><td>14:50-15:00<\/td><td>ADES\u00c3O AO TRATAMENTO FISIOTERAP\u00caUTICO: DIFICULDADES E POSSIBILIDADES DE INTERVEN\u00c7\u00c3O PSICOL\u00d3GICA<\/td><td>GABRIELA EMY ARAI, GABRIEL FONSECA,GABRIEL MAZZO,&nbsp; MARINA CHENSO, NIDIA APARECIDA HERNANDES<\/td><\/tr><tr><td>15:00-15:10<\/td><td>TEORIA E PR\u00c1TICA NO EST\u00c1GIO B\u00c1SICO: EXPERI\u00caNCIAS EM DIFERENTES CONTEXTOS DE ATUA\u00c7\u00c3O<\/td><td>GREICIELY SOARES DOS SANTOS, GIOVANNA CATARINA NUNES BAGNI, GIOVANNA KAWANA LIMA, GIULIA MARIA MORIS DE ALMEIDA, GREICIELY SOARES DOS SANTOS, GUSTAVO FERREIRA MARTINS, HELENA TENAN DE SOUZA LIMA, MEYRE DOS SANTOS EIRAS<\/td><\/tr><tr><td>15:10-15:20<\/td><td>EST\u00c1GIO B\u00c1SICO EM PSICOLOGIA: A OBSERVA\u00c7\u00c3O EM ESCOLA ENQUANTO REVIS\u00c3O DE UMA QUEIXA<\/td><td>ALEXSANDER M\u00c1RCIO RODRIGUES DOS SANTOS, ANA BEATRIZ LACERDA DA SILVA, ANA CAROLINA DE AGUIAR GON\u00c7ALVES, ANA CLARA YURIE YOSHIMOTO, ANA CLARA ZANONI DO REGO, CLARA LUISA MENDES DE SOUZA, RENAN KOIS GUIMAR\u00c3ES<\/td><\/tr><tr><td>15:20-15:40<\/td><td colspan=\"2\">Debate final dialogado: <em>Ana Clara Ramazotti Totti e Heitor de Proen\u00e7a Gon\u00e7alves Pires<\/em><\/td><\/tr><tr><td colspan=\"3\"><\/td><\/tr><tr><td colspan=\"3\"><strong>Quinta-feira, 06\/11, 14:00-15:40<\/strong><\/td><\/tr><tr><td>14:00-14:10<\/td><td>FORTALECIMENTO DE V\u00cdNCULOS EM MEIO \u00c0 VULNERABILIDADE NO BAIRRO ANA ROSA (CAMB\u00c9, PR): UM RELATO DE EXPERI\u00caNCIA<\/td><td>SARAH ISABELE SANTOS NEVES, CAMILA ZEDU ALLIPRANDINI, NARA FERREIRA ROSA PEREIRA, SARA LUANA DO VALE CARNEIRO, SARAH ISABELE SANTOS NEVES<\/td><\/tr><tr><td>14:10-14:20<\/td><td>A PERCEP\u00c7\u00c3O DOS PROFESSORES SOBRE SEU PREPARO FRENTE \u00c0S QUEST\u00d5ES PSICOL\u00d3GICAS DOS ALUNOS: UM ESTUDO EM LONDRINA<\/td><td>MELISSA MARTINS PEIXOTO, CAMILA ZEDU ALLIPRANDINI, MARIA VITORIA HERNANDEZ MIZOGOSHI, RAYANE DOS SANTOS DE OLIVEIRA<\/td><\/tr><tr><td>14:20-14:30<\/td><td>A DIN\u00c2MICA ESCOLAR E O PAPEL DOS LAUDOS PSICOL\u00d3GICOS: UMA OBSERVA\u00c7\u00c3O NO ENSINO FUNDAMENTAL I<\/td><td>KAROLINE AGNES DUHATSCHEK HAMPF, JULIA RABELO TEIXEIRA SALMEN, KAIO AUGUSTO CANDIDO NARTIS, KARLA MARILEIDE MARTINS MEDEIROS, LET\u00cdCIA VIEIRA SALLES, LORENA CIAPPINA LAFFRANCHI, RENAN KOIS GUIMAR\u00c3ES<\/td><\/tr><tr><td>14:30-14:40<\/td><td>UTILIZA\u00c7\u00c3O DO ROLE PLAY COMO FERRAMENTA DE ENSINO NA DISCIPLINA DE EST\u00c1GIO B\u00c1SICO<\/td><td>TALITA DA SILVA GUERINI, RAFAEL GUILLARDI ARMELIN, S\u00c9RGIO AUGUSTO KENZO YAMAMOTO, SOFIA TREVISAN SILV\u00c9RIO, SOPHIA MARIA DONATO JACHSTET, THAIS DIAS PEREIRA, THIAGO RENN\u00d3 RODRIGUES SILVA<\/td><\/tr><tr><td>14:40-14:50<\/td><td>O ACOLHIMENTO NA ENTREVISTA CL\u00cdNICA COMO FERRAMENTA HUMANIZADORA NO PROCESSO DE TRIAGEM PSICOL\u00d3GICA<\/td><td>LOUIS SPICA DE OLIVEIRA MACEDO, JOSILENE A. SCHIMITI, MARCELLO CHRISTIANO GORLA JUNIOR, MARIA FERNANDA GARCIA MIRANDA<\/td><\/tr><tr><td>14:50-15:00<\/td><td>RELATO DE EXPERI\u00caNCIA: VISITA AO CENSE I DE LONDRINA<\/td><td>JO\u00c3O VITOR SASTRE DEBEI, ADRIELLI DIAS DO PRADO, ANA CLARA CONTE MAIA DE SOUZA, ISABELA MARIA ALVES DA SILVA, JO\u00c3O PEDRO SANTANA MAZIERO, JONAS FERNANDES GAMBA, JULIA ALCARDE ARA\u00daJO, JULIA DE GRANDE ALMEIDA, JULIA FAUNE SZENCZUK<\/td><\/tr><tr><td>15:00-15:20<\/td><td colspan=\"2\">Debate final dialogado: <em>Ana Beatriz Marega Belem e Pietro Calvanese de Melo<\/em><\/td><\/tr><\/tbody><\/table><\/figure>\n\n\n\n<p><\/p>\n\n\n\n<p><\/p>\n\n\n\n<p><strong>P\u00d4STERES<\/strong><\/p>\n\n\n\n<p><\/p>\n\n\n\n<figure class=\"wp-block-table\"><table class=\"has-fixed-layout\"><tbody><tr><td><strong>#<\/strong><\/td><td><strong>Trabalho<\/strong><\/td><td><strong>Autores<\/strong><\/td><\/tr><tr><td>1<\/td><td>ENTRE A RUA E A REDE: DESAFIOS E POT\u00caNCIAS DO CONSULT\u00d3RIO NA RUA<\/td><td>BRUNA KOYAMA GERMINARA<\/td><\/tr><tr><td>2<\/td><td>EM DIRE\u00c7\u00c3O \u00c0 ESCUTA AO INCONSCIENTE: EXPERI\u00caNCIA DE EST\u00c1GIO EM CL\u00cdNICA PSICANAL\u00cdTICA<\/td><td>KARLA CIBELLY MOURA CAVASSANI AZONI, CLAUDIA MARIA DE SOUSA PALMA, MARIA FERNANDA ORTEGA DE MORAES, MARINA HEITZMANN HARA, P\u00c9ROLA LOUREN\u00c7O S\u00c9LERI<\/td><\/tr><tr><td>3<\/td><td>A PSICOTERAPIA E A CONTRATRANSFER\u00caNCIA: \u00c9TICA E MANEJO CL\u00cdNICO<\/td><td>SABRINA ESCHIAVON ELIAS, CAROLINA FREDEGOTTO ITO, GUILHERME AUGUSTO DO CARMO SARTORI, LEANDRO ANSELMO TODESQUI TAVARES, PIETRO CALVANESE DE MELO<\/td><\/tr><tr><td>4<\/td><td>A INTERLIGA\u00c7\u00c3O ENTRE PSICOLOGIA E ASSIST\u00caNCIA SOCIAL: APRENDIZADOS E REFLEX\u00d5ES DE UM EST\u00c1GIO NA EPESMEL<\/td><td>FELYPE MANGABEIRA GON\u00c7ALVES<\/td><\/tr><tr><td>5<\/td><td>SOBRE TELAS, SEXUALIDADE E SA\u00daDE MENTAL: OFICINAS EM ESCOLAS P\u00daBLICAS DE LONDRINA<\/td><td>MINERVA DE SIQUEIRA CHRISTIANINI, ADRIANA ALVES DE OLIVEIRA GOMES, ALEJANDRA ASTRID LE\u00d3N CEDE\u00d1O, MINERVA DE SIQUEIRA CHRISTIANINI<\/td><\/tr><tr><td>6<\/td><td>A CASTRA\u00c7\u00c3O NA CL\u00cdNICA INFANTIL E ADULTA<\/td><td>MELINA CASSOLA ASSUN\u00c7\u00c3O, ANA BEATRIZ MAREGA BELEM, CARINE SILVA DE ALMEIDA, IGOR MACHADO GUERREIRO, MARIA VIT\u00d3RIA DE SOUZA RANGEL<\/td><\/tr><tr><td>7<\/td><td>ENTRADA E PERMAN\u00caNCIA DE PACIENTES NA CL\u00cdNICA-ESCOLA DA UEL: UM DI\u00c1LOGO ENTRE RESIST\u00caNCIA E ESQUIVA.<\/td><td>ANDR\u00c9 ALVES BRASIL, DANIEL DE OLIVEIRA CABRAL, LUCIANA BATISTA DA SILVA<\/td><\/tr><tr><td>8<\/td><td>ORIENTA\u00c7\u00c3O PROFISSIONAL NO CEPV\/UEL: PROMOVENDO AUTOCONHECIMENTO E ESCOLHAS PROFISSIONAIS<\/td><td>ADRIANA ALVES DE OLIVEIRA GOMES, EDN\u00c9IA APARECIDA PERES, EMANUELE CAMILE FURTADO DE JESUS<\/td><\/tr><tr><td>9<\/td><td>CL\u00cdNICA COMPORTAMENTAL<\/td><td>ISADORA DE CASTRO PEREIRA ALEX EDUARDO GALLO, ISADORA DE CASTRO PEREIRA, JENIFFER SELLES DE OLIVEIRA, JOSIANE DIRLENE GUIMAR\u00c3ES, LUANA TUONO DE SOUZA<\/td><\/tr><tr><td>10<\/td><td>AUTOCONHECIMENTO E AUTOESTIMA NA TERCEIRA IDADE: RELATO DE EXPERI\u00caNCIA EM UM CENTRO DE CONVIV\u00caNCIA DE IDOSOS<\/td><td>JULIA MESQUITA, LAURA CANHA BORGONHA DA SILVA, MARIA EDUARDA FIALHO ROZA, MAYARA YUKARI OGATA, VAL\u00c9RIA QUEIROZ FURTADO<\/td><\/tr><tr><td>11<\/td><td>CUIDAR EM MEIO \u00c0 PRECARIZA\u00c7\u00c3O: SOFRIMENTO E RESIST\u00caNCIA DOS PROFISSIONAIS DO CENTRO DE ATEN\u00c7\u00c3O PSICOSSOCIAL INFANTO-JUVENIL (CAPSI)<\/td><td>JULIA MESQUITA, ANA BEATRIZ PARMINONDI ANDRADE, ENEIDA SILVEIRA SANTIAGO, JULIA MESQUITA<\/td><\/tr><tr><td>12<\/td><td>CUIDADO EM REDE: VIV\u00caNCIA DE EST\u00c1GIO COM ADOLESCENTES NA UBS<\/td><td>MARCELLA ANDRADE GOMES DO NASCIMENTO, L\u00cdVIA MARIA CAMILO DOS SANTOS, MARIANA DE ARA\u00daJO FREGOLENTE<\/td><\/tr><tr><td>13<\/td><td>A RESIST\u00caNCIA E SUAS MANIFESTA\u00c7\u00d5ES CL\u00cdNICAS: PERCEP\u00c7\u00d5ES E DIFICULDADES DOS EST\u00c1GIOS EM SEUS PRIMEIROS ATENDIMENTOS<\/td><td>MARIANA DE ARA\u00daJO FREGOLENTE JULIA MAZZETTO BORNIA, LAURA CANHA BORGONHA DA SILVA, MA\u00cdRA BONAF\u00c9 SEI<\/td><\/tr><tr><td>14<\/td><td>A CAIXA L\u00daDICA NO ATENDIMENTO INFANTIL.<\/td><td>BRUNA MIGUEL SAVIO, MARIA ELIZABETH BARRETO TAVARES DOS REIS, RAFAELA VALENTINI ORTEGA RUIZ<\/td><\/tr><tr><td>15<\/td><td>INTERVEN\u00c7\u00c3O COM ADOLESCENTES: A CONSTRU\u00c7\u00c3O DE SEU PONTO DE VISTA ACERCA DE SEUS DIREITOS PREVISTOS NO ESTATUTO DA CRIAN\u00c7A E DO ADOLESCENTE<\/td><td>VITOR SOUZA DE CAMARGO, ANA CLAUDIA BARBOSA DA SILVA ROOSLI, LUIZ GUILHERME MEDEIROS DA SILVA, RUTH TAINA APARECIDA PIVETA, VITOR SOUZA DE CAMARGO<\/td><\/tr><tr><td>16<\/td><td>A ESCUTA DO SOFRIMENTO CONTEMPOR\u00c2NEO: EST\u00c1GIO EM SERVI\u00c7O-ESCOLA DE PSICOLOGIA<\/td><td>GABRIELA SEGURA DE OLIVEIRA, LAUREN ISABELY FELTRIN, MA\u00cdRA BONAF\u00c9 SEI<\/td><\/tr><tr><td>17<\/td><td>A IMPORT\u00c2NCIA DA AVALIA\u00c7\u00c3O PSICOL\u00d3GICA E DO DIAGN\u00d3STICO NA VIDA ADULTA.<\/td><td>DANIEL DE OLIVEIRA CABRAL, SAMANTA SOARES DOS SANTOS COSER<\/td><\/tr><tr><td>18<\/td><td>SELE\u00c7\u00c3O POR CONSEQU\u00caNCIAS: A HIST\u00d3RIA DE VIDA NA CL\u00cdNICA ANAL\u00cdTICO-COMPORTAMENTAL<\/td><td>BRUNA MARIA VIEIRA; EDUARDA GODOY SCHMIDT; LUIZA ZANELLA GUSM\u00c3O; WAGNER ROGERIO DA SILVA<\/td><\/tr><tr><td>19<\/td><td>EXPERI\u00caNCIA DE INTERVEN\u00c7\u00c3O PSICOL\u00d3GICA EM ESCOLHAS PROFISSIONAIS COM ALUNOS DO PRIMEIRO ANO DO ENSINO M\u00c9DIO<\/td><td>MILENA EMILIANI DE OLIVEIRA, ANTHONY KAWAN FELIX DE SOUZA, EDN\u00c9IA APARECIDA PERES, MILENA EMILIANI DE OLIVEIRA<\/td><\/tr><tr><td>20<\/td><td>A ESCUTA PSICANAL\u00cdTICA NA CL\u00cdNICA DA HISTERIA: EXPERI\u00caNCIAS EM EST\u00c1GIO SUPERVISIONADO NA UEL<\/td><td>ANA SOPHIA LUDVIG BORTHOLAZZI, DANIELA DE SOUZA SANTOS, ISADORA GARBI DE OLIVEIRA, JULIANA BARACAT, LAURA FORLAN DE PAULA<\/td><\/tr><tr><td>21<\/td><td>CONTRATRANSFER\u00caNCIA COMO INSTRUMENTO TERAP\u00caUTICO<\/td><td>MELINA DUARTE GAGLIARDI BRUNA MARIA POLETTO RIBEIRO, JULIANA BARACAT, LUCAS DE MATOS OKURA, MELINA DUARTE GAGLIARDI, VANESSA SHIZUE ABE<\/td><\/tr><tr><td>22<\/td><td>ABANDONO DA PSICOTERAPIA EM CONTEXTO DE CL\u00cdNICA-ESCOLA<\/td><td>LU\u00cdSA KNOTT OLIVEIRA SILVA, MARIA EDUARDA FIALHO ROZA, MARIA ELIZABETH BARRETO TAVARES DOS REIS<\/td><\/tr><tr><td>23<\/td><td>EXPERI\u00caNCIAS DO EST\u00c1GIO EM PSICOLOGIA ESCOLAR: POSSIBILIDADES DE ATUA\u00c7\u00c3O NO CONTEXTO MUNICIPAL E FEDERAL<\/td><td>PATRICIA VAZ DE LESSA, JULIANA DE OLIVEIRA SILVA, LUIZ HENRIQUE DOS REIS SOUZA, MARIANA AMARO ZANGIROLANI, MARIANA MEIRA CAPUCHO<\/td><\/tr><tr><td>24<\/td><td>OFICINA \u201cCULTIVAR-SE\u201d: EXPERI\u00caNCIA PARCIAL DE EST\u00c1GIO NO CENTRO DE CONVIV\u00caNCIA DO IDOSO JARDIM TUPI<\/td><td>LUANA MOURE, ISADORA GARBI DE OLIVEIRA, LUANA MOURE, MARIA FERNANDA ORTEGA DE MORAES, MARINA HEITZMANN HARA, P\u00c9ROLA LOUREN\u00c7O S\u00c9LERI, VAL\u00c9RIA QUEIROZ FURTADO<\/td><\/tr><tr><td>25<\/td><td>DI\u00c1LOGOS ENTRE A CL\u00cdNICA DO SOCIAL E AS EXPERI\u00caNCIAS DE PESSOAS DA COMUNIDADE LGBTQIAPN+ DENTRO DA UNIVERSIDADE<\/td><td>LUIZ HENRIQUE DOS REIS SOUZA, ANDERSON LUIS SCHUCK, MARIANA AMARO ZANGIROLANI<\/td><\/tr><tr><td>26<\/td><td>PSICAN\u00c1LISE E INSTITUI\u00c7\u00d5ES: EXPERI\u00caNCIAS DE EST\u00c1GIO NO CONTEXTO DA INTERNA\u00c7\u00c3O PSIQUI\u00c1TRICA<\/td><td>MARIA LUIZA DUARTE DE MATOS, ELIANA SANTANA LOPES, MARINA ZUAN BENEDETTI CHENSO, RAFAELA VALENTINI ORTEGA RUIZ<\/td><\/tr><tr><td>27<\/td><td>AN\u00c1LISE DO COMPORTAMENTO: AVALIA\u00c7\u00c3O DOS MARCOS DO DESENVOLVIMENTO INFANTIL<\/td><td>GABRIEL MIZAKAMI QUINAGLIA, ANA CAROLINA AUR\u00c9LIO, ANA FL\u00c1VIA FERNANDES SOARES, ANA PAULA RODRIGUES, BRUNA MARA DE CARVALHO SENHORELI, BRUNO HENRIQUE ARAUJO BRABO, CAMILA NUNES DE CARVALHO, EDUARDA GODOY SCHMIDT, FERNANDA CAVALCANTI TAVARES, GIOVANA OGIDO UEDA, GUILHERME BRACARENSE FILGUEIRAS, ISADORA DE CASTRO PEREIRA, MARIA CLARA DE FREITAS, MARINA IHA BILHA, SILVIA C. MURARI, SILVIA R DE SOUZA<\/td><\/tr><tr><td>28<\/td><td>ACOMPANHAMENTO INDIVIDUAL EM UM CENTRO DE EDUCA\u00c7\u00c3O INFANTIL: AVALIA\u00c7\u00c3O E INTERVEN\u00c7\u00c3O COMPORTAMENTAL NO CONTEXTO ESCOLAR<\/td><td>DENISE YUKARI GODOI, ANA CAROLINA FURLAN DE ASSIS, ANA FL\u00c1VIA FERNANDES SOARES, ANNA LAURA PEREIRA DE QUEIROZ, BEATRIZ PFAU PEDRIALI, DENISE YUKARI GODOI, EDUARDA GODOY SCHMIDT, FERNANDA CAVALCANTI TAVARES, GUILHERME BRACARENSE FILGUEIRAS, ISADORA DE CASTRO PEREIRA<\/td><\/tr><tr><td>29<\/td><td>A PSICOTERAPIA ANAL\u00cdTICO-COMPORTAMENTAL NA CL\u00cdNICA PSICOL\u00d3GICA DA UEL: INTERVEN\u00c7\u00d5ES COM DIFERENTES CLIENTELAS E QUEIXAS CL\u00cdNICAS<\/td><td>DENISE YUKARI GODOI, EDMARCIA MANFREDIN VILA, FELIPE MITSUKA BREGAN\u00d3, MARIA LU\u00cdSA DE OLIVEIRA AQUINO, MILENA EMILIANI DE OLIVEIRA, PEDRO CAETANO FAGUNDES<\/td><\/tr><tr><td>30<\/td><td>ORIENTA\u00c7\u00c3O PROFISSIONAL: A CONSTRU\u00c7\u00c3O DO REPERT\u00d3RIO DE TOMADA DE DECIS\u00c3O NA ESCOLA.<\/td><td>GIOVANA PEREIRA DE ASSIS, EDN\u00c9IA APARECIDA PERES, GIOVANA PEREIRA DE ASSIS, J\u00daLIA RAMOS GALVAN, MARIA EDUARDA FURLAN, VIT\u00d3RIA REGINA TAKEUCHI FERNANDES<\/td><\/tr><tr><td>31<\/td><td>INTERVEN\u00c7\u00d5ES CL\u00cdNICAS SOB A PERSPECTIVA DA TEORIA DE ACEITA\u00c7\u00c3O E COMPROMISSO (ACT)<\/td><td>D\u00c9BORA PEDROZA MORELATO<\/td><\/tr><tr><td>32<\/td><td>HIP HOP NO CRAS<\/td><td>JENIFFER SELES DE OLIVEIRA, VIT\u00d3RIA PINHEIRO LOUREN\u00c7O<\/td><\/tr><tr><td>33<\/td><td>A IMPORT\u00c2NCIA DA PUERICULTURA NAS UBS-SUS PARA O ESTABELECIMENTO DE BASES PARA O DESENVOLVIMENTO INFANTIL<\/td><td>THAISSA CAMILY DE OLIVEIRA, BRUNA MARIA, BRUNA MARIA POLETTO RIBEIRO, THAISSA CAMILY DE OLIVEIRA<\/td><\/tr><tr><td>34<\/td><td>PROMO\u00c7\u00c3O, PREVEN\u00c7\u00c3O E INTERVEN\u00c7\u00c3O NA TERCEIRA IDADE NO CENTRO DE CONVIV\u00caNCIA DO IDOSO DA ZONA LESTE DE LONDRINA &#8211; PR<\/td><td>HELLEN SOARES CARRILHO, JOSIANE CEC\u00cdLIA LUZIA<\/td><\/tr><tr><td>35<\/td><td>ORIENTA\u00c7\u00c3O PROFISSIONAL COM ESTUDANTES DO PRIMEIRO E SEGUNDO ANO DO CURSO DE PSICOLOGIA DA UEL<\/td><td>HENRIQUE PASCOAL DE SOUZA DANTAS, CAMILA NUNES DE CARVALHO, MARIA EDUARDA FURLAN, RAFAEL GUILLARDI ARMELIN<\/td><\/tr><tr><td>36<\/td><td>ENTRE DIZER, OUVIR E SENTIR: O USO DE MET\u00c1FORAS NA PSICOTERAPIA ANAL\u00cdTICO-COMPORTAMENTAL NA CL\u00cdNICA PSICOL\u00d3GICA DA UEL<\/td><td>MARIA J\u00daLIA BOLETTI, BEATRIZ SILVA ROQUE, BERNARDO MAGALH\u00c3ES RAIZER, JONAS GAMBA, MARIA PAULA HEY<\/td><\/tr><tr><td>37<\/td><td>CL\u00cdNICA BASEADA NA CI\u00caNCIA DO COMPORTAMENTO: AVALIA\u00c7\u00c3O E ENSINO SOBRE O MEDO<\/td><td>LAURA SIMI\u00c3O OLIVEIRA GABRIEL MIZAKAMA QUINAGLIA, JULIA CAMILE DA SILVA, LAURA BREDARIOL GON\u00c7ALVES, PAULO FERNANDO VIDAL DIAS, THA\u00cdS STHEPHANI SALES DOS SANTOS, WAGNER ROGERIO DA SILVA<\/td><\/tr><tr><td>38<\/td><td>EXPERI\u00caNCIA DE ESTAGI\u00c1RIOS DO 4\u00b0 ANO EM CL\u00cdNICA PSICANAL\u00cdTICA: OBSERVA\u00c7\u00d5ES E SENTIMENTOS ASSOCIADOS<\/td><td>LUCIANA BONIS ROSSIGALLI, EMANUELE CAMILLE FURTADO DE JESUS, GIOVANA NOGUEIRA ORSI, JULIANA DE OLIVEIRA SILVA, MARIANA MEIRA CAPUCHO, PEDRO MIGUEL LOPES MORALES, ROSEMARIE ELIZABETH SCHIMIDT ALMEIDA<\/td><\/tr><tr><td>39<\/td><td>INTERVEN\u00c7\u00c3O CL\u00cdNICA DO TRABALHO NO CONSELHO TUTELAR<\/td><td>GIOVANA PEREIRA DE ASSIS, ANA CL\u00c1UDIA BARBOSA DA SILVA ROOSLI<\/td><\/tr><tr><td>40<\/td><td>OS DESAFIOS E AS REVERBERA\u00c7\u00d5ES DA DEVOLUTIVA DIAGN\u00d3STICA NA AVALIA\u00c7\u00c3O PSICOL\u00d3GICA DE ADULTOS<\/td><td>IGOR MACHADO GUERREIRO, ANA BEATRIZ PARMINONDI ANDRADE, CAROLINA FREDEGOTTO ITO, GUILHERME AUGUSTO DO CARMO SARTORI, SABRINA ESCHIAVON ELIAS, JULIANA BARACAT<\/td><\/tr><tr><td>41<\/td><td>O USO E O N\u00c3O-USO DE MEDICA\u00c7\u00c3O PSIQUI\u00c1TRICA NO TRATAMENTO PSICOTER\u00c1PICO<\/td><td>EDUARDO GARCIA GUIMAR\u00c3ES; ROSEMARIE ELIZABETH SCHIMIDT ALMEIDA <\/td><\/tr><tr><td>42<\/td><td>RODA DE CONVERSA: PROMO\u00c7\u00c3O E PREVEN\u00c7\u00c3O DA DEPRESS\u00c3O NA TERCEIRA IDADE.<\/td><td>TIFANNY GABRIELE TONZAR, JOSIANE CEC\u00cdLIA LUZIA<\/td><\/tr><\/tbody><\/table><\/figure>\n\n\n\n<p><\/p>\n\n\n\n<p><\/p>\n\n\n\n<p><strong>SESS\u00d5ES DE COMUNICA\u00c7\u00c3O ORAL<\/strong><\/p>\n\n\n\n<p><\/p>\n\n\n\n<p><strong>Per\u00edodo:<\/strong><strong> <\/strong><strong>Manh\u00e3 (08:30-9:10)<\/strong><\/p>\n\n\n\n<p><strong>Local:<\/strong><strong> <\/strong><strong>Anfiteatro Cyro Grossi<\/strong><\/p>\n\n\n\n<p><strong>\u00canfase I:<\/strong><strong> <\/strong><strong>Investiga\u00e7\u00e3o Cient\u00edfica e Interven\u00e7\u00e3o em Processos Cl\u00ednicos e Sa\u00fade<\/strong><\/p>\n\n\n\n<figure class=\"wp-block-table\"><table class=\"has-fixed-layout\"><tbody><tr><td><strong>Hor\u00e1rio<\/strong><\/td><td><strong>Trabalho<\/strong><\/td><td><strong>Autores<\/strong><\/td><\/tr><tr><td colspan=\"3\">Sess\u00e3o 1. <em>Sa\u00fade Mental na inf\u00e2ncia&nbsp;<\/em><\/td><\/tr><tr><td>8:30-8:40<\/td><td>ENTRE O ESTIGMA E A ESCUTA: DESAFIOS E POSSIBILIDADE NA SA\u00daDE MENTAL INFANTOJUVENIL NO CAPS (IJ) DE LONDRINA<\/td><td>NICOLY EVELIN DA SILVA, ANA LU\u00cdSA PAIVA PAGANI, DANIELA FERNANDA DAS NEVES, ROBERTH MINIGUINE TAVANTI, THIAGO OHARA<\/td><\/tr><tr><td>8:40-8:50<\/td><td>O BRINCAR COMO FERRAMENTA DE AVALIA\u00c7\u00c3O E INTERVEN\u00c7\u00c3O NA CL\u00cdNICA ANAL\u00cdTICO-COMPORTAMENTAL INFANTIL<\/td><td>ANA PAULA RODRIGUES, CAROLINE PRESTES VILLA, GIOVANA OGIDO UEDA<\/td><\/tr><tr><td>8:50-9:00<\/td><td>A PR\u00c1TICA DA PSICOTERAPIA INFANTIL EM AN\u00c1LISE DO COMPORTAMENTO: EXPERI\u00caNCIAS DE EST\u00c1GIO SUPERVISIONADO<\/td><td>ALANA GABRIELE VICENSI, ANA FL\u00c1VIA FERNANDES SOARES, CEC\u00cdLIA ENDO DE ALMEIDA FABIANO, ISIS ERDEI GARCIA, LAURA PONTES TSUJIOKA, SILVIA APARECIDA FORNAZARI, THA\u00cdSSA CAMILY DE OLIVEIRA<\/td><\/tr><tr><td colspan=\"3\">Debate da sess\u00e3o 1: <em><\/em><em>Andr\u00e9 Alves Brasil<\/em><\/td><\/tr><\/tbody><\/table><\/figure>\n\n\n\n<p><strong>Per\u00edodo: <\/strong><strong>Manh\u00e3 (08:30-9:10)<\/strong><\/p>\n\n\n\n<p><strong>Local: <\/strong><strong>Sala 201 (CCB)<\/strong><\/p>\n\n\n\n<p><strong>\u00canfase II:<\/strong><strong> <\/strong><strong>Processos Sociais e Institucionais<\/strong><\/p>\n\n\n\n<figure class=\"wp-block-table\"><table class=\"has-fixed-layout\"><tbody><tr><td><strong>Hor\u00e1rio<\/strong><\/td><td><strong>Trabalho<\/strong><\/td><td><strong>Autores<\/strong><\/td><\/tr><tr><td colspan=\"3\">Sess\u00e3o 2. <em>Empresas e institui\u00e7\u00f5es<\/em><\/td><\/tr><tr><td>8:30-8:40<\/td><td>A PSICOLOGIA ORGANIZACIONAL E DO TRABALHO NA GEST\u00c3O DE PESSOAS DE UMA IND\u00daSTRIA METAL\u00daRGICA: UM RELATO DE EXPERI\u00caNCIA<\/td><td>NATHALIA CRISTINA DE LIMA, ANA CELI PAV\u00c3O GUERCHMANN, ISIS ERDEI GARCIA, JOAO GABRIEL CRUZ RODRIGUES, NATHALIA CRISTINA DE LIMA<\/td><\/tr><tr><td>8:40-8:50<\/td><td>VIV\u00caNCIA ORGANIZACIONAL EM MULTINACIONAL NO SETOR DO AGRONEG\u00d3CIO: O ENLACE ENTRE O CAMPO E A CULTURA<\/td><td>LU\u00cdSA KNOTT OLIVEIRA SILVA, ANA C\u00c9LI PAV\u00c3O GUERCHMANN, CEC\u00cdLIA MORANDI DAMACENO, MELINA DUARTE GAGLIARDI<\/td><\/tr><tr><td><s>8:50-9:00<\/s><\/td><td><s>EST\u00c1GIO EM PSICOLOGIA ORGANIZACIONAL NO CONTEXTO DE UMA COOPERATIVA AGROINDUSTRIAL<\/s><\/td><td><s>RAFAELA ABR\u00c3O GUIMAR\u00c3ES<\/s><\/td><\/tr><tr><td colspan=\"3\">Debate da sess\u00e3o 2:<em> L\u00edvia Maria de Castro Gabriel Segatto<\/em><\/td><\/tr><\/tbody><\/table><\/figure>\n\n\n\n<p><strong>Per\u00edodo:<\/strong><strong> <\/strong><strong>Manh\u00e3 (09:30-11:30)<\/strong><\/p>\n\n\n\n<p><strong>Local:<\/strong><strong> <\/strong><strong>Anfiteatro Cyro Grossi<\/strong><\/p>\n\n\n\n<p><strong>\u00canfase I:<\/strong><strong> <\/strong><strong>Investiga\u00e7\u00e3o Cient\u00edfica e Interven\u00e7\u00e3o em Processos Cl\u00ednicos e Sa\u00fade<\/strong><\/p>\n\n\n\n<figure class=\"wp-block-table\"><table class=\"has-fixed-layout\"><tbody><tr><td><strong>Hor\u00e1rio<\/strong><\/td><td><strong>Trabalho<\/strong><\/td><td><strong>Autores<\/strong><\/td><\/tr><tr><td colspan=\"3\">Sess\u00e3o 3. <em>Mulheres<\/em><\/td><\/tr><tr><td>9:30-9:40<\/td><td>GRUPOS PSICOTERAP\u00caUTICOS COM MULHERES: UM RELATO DE EXPERI\u00caNCIA<\/td><td>FELIPE ALMEIDA DE MOURA, NICOLLE TEODORO DE SOUZA, SONIA REGINA VARGAS MANSANO<\/td><\/tr><tr><td>9:40-9:50<\/td><td>EXPERI\u00caNCIA DE EST\u00c1GIO EM UM CENTRO DE REFER\u00caNCIA AO ATENDIMENTO DA MULHER EM LONDRINA<\/td><td>LORENA ALVES DE SOUZA, FERNANDA DE MELLO NOGUEIRA, PAULA MARQUES DA SILVA<\/td><\/tr><tr><td>9:50-10:00<\/td><td>CARTOGRAFIA DO CUIDADO: EXPERI\u00caNCIAS CL\u00cdNICAS COM JOVENS MULHERES<\/td><td>MAYARA YUKARI OGATA, PAULA MARQUES DA SILVA, VIVIAN YUKI MANCHINI OGAWA<\/td><\/tr><tr><td colspan=\"3\">Debate da sess\u00e3o 3: <em><\/em><em>Eduarda Godoy Schmidt<\/em><\/td><\/tr><tr><td colspan=\"3\">Sess\u00e3o 4. <em>Vulnerabilidades<\/em><\/td><\/tr><tr><td>10:10-10:20<\/td><td>ENTRE O C\u00c1RCERE E A RUA: O FAZER DO PSIC\u00d3LOGO SOCIAL EM ESPA\u00c7OS DE VULNERABILIDADE<\/td><td>JULIA DE JESUS BARROS, GIOVANA CAROLINE DE HERCULES, LIVIA MARIA CAMILO DOS SANTOS<\/td><\/tr><tr><td>10:20-10:30<\/td><td>\u201cQUERO MINHA CASA\u201d: REFLEX\u00c3O BIOPSICOSOCIAL DE UMA EXPERI\u00caNCIA DE EST\u00c1GIO COM CRIAN\u00c7AS E ADOLESCENTES EM ACOLHIMENTO INSTITUCIONAL<\/td><td>FERNANDA ALVES DE LIMA, L\u00cdVIA MARIA CAMILO DOS SANTOS, MATHEUS AKINS DA ROCHA<\/td><\/tr><tr><td>10:30-10:40<\/td><td>ESCUTA CL\u00cdNICA E O RACISMO ESTRUTURAL: EXPERI\u00caNCIAS DE ATENDIMENTO A POPULA\u00c7\u00c3O NEGRA NO NEAB\/UEL<\/td><td>GABRIELA ZUCCARI DOS SANTOS ALISSON MATEUS FERREIRA, LUCIANA BATISTA DA SILVA<\/td><\/tr><tr><td colspan=\"3\">Debate da sess\u00e3o 4:<em> La\u00eds Maria Souza de Cerqueira<\/em><em><\/em><\/td><\/tr><tr><td colspan=\"3\">Sess\u00e3o 5. <em>Reflex\u00f5es cl\u00ednicas<\/em><\/td><\/tr><tr><td>10:50-11:00<\/td><td>TORNAR-SE TERAPEUTA: UM RELATO DO PROCESSO DE FORMA\u00c7\u00c3O NA CL\u00cdNICA COM ADULTOS<\/td><td>ANA CAROLINA FURLAN DE&nbsp;ASSIS, CAROLINE PRESTES VILLA,&nbsp;GIOVANA DUARTE EVARISTO&nbsp;<\/td><\/tr><tr><td>11:00-11:10<\/td><td>O V\u00cdNCULO TERAP\u00caUTICO ENQUANTO ESPA\u00c7O DE ACOLHIMENTO DAS VIV\u00caNCIAS EMOCIONAIS: UM RELATO DE EXPERI\u00caNCIA<\/td><td>REBECA NEGR\u00c3O FERNANDES, CEC\u00cdLIA MORANDI DAMACENO, GABRIELA SABINO, JO\u00c3O GABRIEL CRUZ RODRIGUES, MARCELLA ANDRADE G. DO NASCIMENTO<\/td><\/tr><tr><td>11:10-11:20<\/td><td>MANIFESTA\u00c7\u00d5ES DA AGRESSIVIDADE NA&nbsp; CL\u00cdNICA PSICANAL\u00cdTICA DA INF\u00c2NCIA \u00c0 VIDA ADULTA: UMA PERSPECTIVAWINNICOTIANA<\/td><td>MARIANA GUIMAR\u00c3ES ULIAN,&nbsp;BEATRIZ MOLINARI GALUCH,&nbsp;GABRIEL FEIJ\u00d3 ALIBERTI,&nbsp;JAQUELINE KAUANE GRECCO,&nbsp;MEYRE DOS SANTOS EIRAS<\/td><\/tr><tr><td colspan=\"3\">Debate da sess\u00e3o 5:<em> Hellen Soares Carrilho<\/em><\/td><\/tr><\/tbody><\/table><\/figure>\n\n\n\n<p><strong>Per\u00edodo: <\/strong><strong>Manh\u00e3 (09:30-11:30)<\/strong><\/p>\n\n\n\n<p><strong>Local: <\/strong><strong>Sala 201 (CCB)<\/strong><\/p>\n\n\n\n<p><strong>\u00canfase II:<\/strong><strong> <\/strong><strong>Processos Sociais e Institucionais<\/strong><\/p>\n\n\n\n<figure class=\"wp-block-table\"><table class=\"has-fixed-layout\"><tbody><tr><td><strong>Hor\u00e1rio<\/strong><\/td><td><strong>Trabalho<\/strong><\/td><td><strong>Autores<\/strong><\/td><\/tr><tr><td colspan=\"3\">Sess\u00e3o 6. <em>Educa\u00e7\u00e3o e desenvolvimento de compet\u00eancias<\/em><\/td><\/tr><tr><td>9:30-9:40<\/td><td>ESCOLHER \u00c9 CONSTRUIR-SE: REFLEX\u00d5ES SOBRE O FAZER PSICOL\u00d3GICO NA ORIENTA\u00c7\u00c3O PROFISSIONAL<\/td><td>JULIA DE JESUS BARROS, ALICE CRISTINA DA SILVA CARVALHO, PEDRO MIGUEL LOPES MORALES, RAFAEL GUILLARDI ARMELIN, VITTORIA DE QUEIROZ SWEI<\/td><\/tr><tr><td>9:40-9:50<\/td><td>INCLUSIVAMENTE: GRUPO DE APOIO PARA UNIVERSIT\u00c1RIOS AUTISTAS NO NAC-UEL<\/td><td>NICOLLE TEODORO DE SOUZA, FERNANDA ALVES DE LIMA, HEITOR DE PROEN\u00c7A GON\u00c7ALVES PIRES, INGRID C. AUSEC:, MARIA CLARA DE FREITAS, MARINA ILHA BILHA, MINERVA DE SIQUEIRA CHRISTIANINI, PAMELLA GABRIELLE GRANSOTI DE SOUZA, S\u00cdLVIA C. MURARI<\/td><\/tr><tr><td>9:50-10:00<\/td><td>TREINAMENTO DE HABILIDADES SOCIAIS: UMA PROPOSTA DE PROGRAMA\u00c7\u00c3O DE ENSINO NA TERAPIA ANAL\u00cdTICO-COMPORTAMENTAL<\/td><td>EDNO MARCOS DA COSTA J\u00daNIOR, ANA CAROLINA AUR\u00c9LIO, ANNA LAURA PEREIRA QUEIROZ, EDMARCIA MANFREDIN VILA, GABRIELLE PASSOS CERQUEIRA<\/td><\/tr><tr><td colspan=\"3\">Debate da sess\u00e3o 6: <em>Felipe Iuri de Souza Bordini<\/em><\/td><\/tr><tr><td colspan=\"3\">Sess\u00e3o 7. <em>Psicologia e pol\u00edticas p\u00fablicas<\/em><\/td><\/tr><tr><td>10:10-10:20<\/td><td>O TRABALHO DO PSIC\u00d3LOGO NAS POL\u00cdTICAS P\u00daBLICAS SOCIAIS: UM RELATO DE EXPERI\u00caNCIA<\/td><td>EMANUELLE FREIRIA SOUZA PRIMO, ANA CLARA RAMAZOTTI TOTTI, BRUNA MIGUEL SAVIO, CATHARINA TREVISAN, ROBERTH MINIGUINE TAVANTI<\/td><\/tr><tr><td>10:20-10:30<\/td><td>PSICOLOGIA NA DEFENSORIA P\u00daBLICA INTERVEN\u00c7\u00d5ES E APRENDIZADOS EM UM CAMPO DE JUSTI\u00c7A E CUIDADO.<\/td><td>ENEIDA SANTIAGO, LIVIA MARIA DE CASTRO GABRIEL SEGATTO<br><\/td><\/tr><tr><td>10:30-10:40<\/td><td>INTERVEN\u00c7\u00c3O CL\u00cdNICA DO TRABALHO NO CONSELHO TUTELAR NORTE: REFLEX\u00d5ES SOBRE O PRESCRITO E O REAL NO TRABALHO<\/td><td>PEDRO HENRIQUE SILVA SANTOS, RUTH TAIN\u00c1 APARECIDA PIVETA, ANA CL\u00c1UDIA BARBOSA DA SILVA ROOSLI&nbsp;<\/td><\/tr><tr><td colspan=\"3\">Debate da sess\u00e3o 7: <em>Beatriz Silva Roque<\/em><\/td><\/tr><tr><td colspan=\"3\">Sess\u00e3o 8. <em>Sa\u00fade no trabalho<\/em><\/td><\/tr><tr><td>10:50-11:00<\/td><td>TREINAMENTO DE COMUNICA\u00c7\u00c3O ASSERTIVA EM CONTEXTO ORGANIZACIONAL COM BASE NA PROGRAMA\u00c7\u00c3O DE CONDI\u00c7\u00d5ES PARA O DESENVOLVIMENTO DE COMPORTAMENTOS (PCDC)<\/td><td>EDNO MARCOS DA COSTA J\u00daNIOR, GABRIELLE PASSOS CERQUEIRA, N\u00c1DIA KIENEN<\/td><\/tr><tr><td>11:00-11:10<\/td><td>PROGRAMA\u00c7\u00c3O DE CONDI\u00c7\u00d5ES PARA O DESENVOLVIMENTO DE COMPORTAMENTOS: REGULA\u00c7\u00c3O EMOCIONAL NO CONTEXTO ORGANIZACIONAL<\/td><td>JOSIANE DIRLENE GUIMAR\u00c3ES, ALANA GABRIELE VICENSI, NADIA KIENEN<br><br><\/td><\/tr><tr><td>11:10-11:20<\/td><td>INTERVEN\u00c7\u00c3O COM RESIDENTES EM SA\u00daDE DA FAM\u00cdLIA: UM OLHAR SOB O TRABALHO REAL E REFLEX\u00d5ES EM TORNO DA FORMA\u00c7\u00c3O NA ATEN\u00c7\u00c3O B\u00c1SICA<\/td><td>ALICE CRISTINA DA SILVA CARVALHO, ANA CLAUDIA BARBOSA DA SILVA ROOSLI<\/td><\/tr><tr><td colspan=\"3\">Debate da sess\u00e3o 8:<em> Murillo Volpato<\/em><em><\/em><\/td><\/tr><\/tbody><\/table><\/figure>\n\n\n\n<p><strong>Per\u00edodo: <\/strong><strong>Tarde (15:20-17:20)<\/strong><\/p>\n\n\n\n<p><strong>Local:<\/strong><strong> <\/strong><strong>Anfiteatro Cyro Grossi<\/strong><\/p>\n\n\n\n<p><strong>\u00canfase I: <\/strong><strong>Investiga\u00e7\u00e3o Cient\u00edfica e Interven\u00e7\u00e3o em Processos Cl\u00ednicos e Sa\u00fade<\/strong><\/p>\n\n\n\n<figure class=\"wp-block-table\"><table class=\"has-fixed-layout\"><tbody><tr><td><strong>Hor\u00e1rio<\/strong><\/td><td><strong>Trabalho<\/strong><\/td><td><strong>Autores<\/strong><\/td><\/tr><tr><td colspan=\"3\">Sess\u00e3o 9. <em>Psicoterapias&nbsp;<\/em><\/td><\/tr><tr><td>15:20-15:30<\/td><td>RELATO DA EXPERI\u00caNCIA DE EST\u00c1GIO EM PSICOTERAPIA ANAL\u00cdTICO-COMPORTAMENTAL NA CL\u00cdNICA PSICOL\u00d3GICA DA UEL<\/td><td>ANA CLARA RAMAZOTTI TOTTI, EDMARCIA MANFREDIN VILA, FERNANDA CAVALCANTI TAVARES<\/td><\/tr><tr><td>15:30-15:40<\/td><td>A PR\u00c1TICA DA PSICOTERAPIA INDIVIDUAL EM AN\u00c1LISE DO COMPORTAMENTO E TERAPIAS CONTEXTUAIS: EXPERI\u00caNCIAS DE EST\u00c1GIO SUPERVISIONADO<\/td><td>BEATRIZ PFAU PEDRIALI TANAN, ANA FL\u00c1VIA FERNANDES SOARES, CEC\u00cdLIA ENDO DE ALMEIDA FABIANO, NATH\u00c1LIA CRISTINA DE LIMA, SILVIA APARECIDA FORNAZARI<\/td><\/tr><tr><td>15:40-15:50<\/td><td>A IMPREVISIBILIDADE DA CL\u00cdNICA: UMA EXPERI\u00caNCIA DE ATENDIMENTO NA CL\u00cdNICA ESCOLA DA UEL<\/td><td>FELIPE IURI DE SOUZA BORDINI, RAFAEL GUILLARDI ARMELIN<\/td><\/tr><tr><td colspan=\"3\">Debate da sess\u00e3o 9: <em>Catharina Trevisan<\/em><em><\/em><\/td><\/tr><tr><td colspan=\"3\">Sess\u00e3o 10. <em>Psicoterapias II<\/em><\/td><\/tr><tr><td>16:00-16:10<\/td><td>SELE\u00c7\u00c3O POR CONSEQU\u00caNCIAS: A HIST\u00d3RIA DE VIDA NA CL\u00cdNICA ANAL\u00cdTICO-COMPORTAMENTAL<\/td><td>BRUNA MARIA VIEIRA; EDUARDA GODOY SCHMIDT; LUIZA ZANELLA GUSM\u00c3O; WAGNER ROGERIO DA SILVA&nbsp;<\/td><\/tr><tr><td>16:10-16:20<\/td><td>INTERVEN\u00c7\u00c3O ANAL\u00cdTICO COMPORTAMENTAL NA REDU\u00c7\u00c3O DE COMPORTAMENTOS INTERFERENTES: RELATO DE CASO<\/td><td>REINALDO SANTIN JUNIOR, PAULA DELGADO TAVELA,&nbsp;<\/td><\/tr><tr><td colspan=\"3\">Debate da sess\u00e3o 10: <em>Bruna Miguel Savio&nbsp;<\/em><\/td><\/tr><tr><td colspan=\"3\">Sess\u00e3o 11. <em>Envelhecer<\/em><\/td><\/tr><tr><td>16:30-16:40<\/td><td>TECENDO MEM\u00d3RIAS: RELATO DE INTERVEN\u00c7\u00c3O COM IDOSOS EM UM CRAS DE LONDRINA<\/td><td>DANIELA FERNANDA DAS NEVES, JULIANA BARACAT<\/td><\/tr><tr><td>16:40-16:50<\/td><td>VOZES E PROTAGONISMO NA VELHICE<\/td><td>GABRIELA ZUCCARI DOS SANTOS, JOSIANE CEC\u00cdLIA LUZIA<\/td><\/tr><tr><td>16:50-17:00<\/td><td><s>RODA DE CONVERSA: PROMO\u00c7\u00c3O E PREVEN\u00c7\u00c3O DA DEPRESS\u00c3O NA TERCEIRA IDADE.<\/s><\/td><td><s>TIFANNY GABRIELE TONZAR, JOSIANE CEC\u00cdLIA LUZIA<\/s><\/td><\/tr><tr><td>17:00-17:10<\/td><td>UM RELATO DE EXPERI\u00caNCIA: OFICINA DE SA\u00daDE MENTAL COM IDOSOS<\/td><td>FELIPE ALMEIDA DE MOURA, JAQUELINE KAUANE GRECCO, JULIA CAMILE DA SILVA, VAL\u00c9RIA QUEIROZ FURTADO, VANESSA SHIZUE ABE<\/td><\/tr><tr><td colspan=\"3\">Debate da sess\u00e3o 11: <em>Daniela Neves<\/em><\/td><\/tr><\/tbody><\/table><\/figure>\n\n\n\n<p><strong>Per\u00edodo: <\/strong><strong>Tarde (15:20-17:20)<\/strong><\/p>\n\n\n\n<p><strong>Local:<\/strong><strong> <\/strong><strong>Sala 201 (CCB)<\/strong><\/p>\n\n\n\n<p><strong>\u00canfase I: <\/strong><strong>Investiga\u00e7\u00e3o Cient\u00edfica e Interven\u00e7\u00e3o em Processos Cl\u00ednicos e Sa\u00fade<\/strong><\/p>\n\n\n\n<figure class=\"wp-block-table\"><table class=\"has-fixed-layout\"><tbody><tr><td><strong>Hor\u00e1rio<\/strong><\/td><td><strong>Trabalho<\/strong><\/td><td><strong>Autores<\/strong><\/td><\/tr><tr><td colspan=\"3\">Sess\u00e3o 12. <em>Avalia\u00e7\u00e3o psicol\u00f3gica<\/em><\/td><\/tr><tr><td>15:20-15:30<\/td><td>DESAFIOS DO ENCAMINHAMENTO POR SUSPEITA DE AUTISMO EM ADOLESCENTES PARA A AVALIA\u00c7\u00c3O NEUROPSICOL\u00d3GICA<\/td><td>BEATRIZ MOLINARI GALUCH, GIOVANNA DUARTE EVARISTO, LAURA PONTES TSUJIOKA, NATAREN TAMIRES BELLO PEDRO, PATR\u00cdCIA SILVA L\u00daCIO<\/td><\/tr><tr><td>15:30-15:40<\/td><td>AVALIA\u00c7\u00c3O PSICOL\u00d3GICA EM CONTEXTO ESCOLAR: RELATO DE CASO COM MUTISMO SELETIVO<\/td><td>EMANUELLY BARBALHO DA SILVA, DIANA APARECIDA DE SOUZA, KATYA LUCIANE DE OLIVEIRA, NATACHA POLTRONIERI FATTORI, PEDRO HENRIQUE SILVA SANTOS<\/td><\/tr><tr><td>15:40-15:50<\/td><td>PROCESSOS AVALIATIVOS E DIAGN\u00d3STICO DIFERENCIAL NO TEA: UMA AN\u00c1LISE A PARTIR DE DOIS ESTUDOS DE CASO<\/td><td>MARIANA GUIMAR\u00c3ES ULIAN, GABRIEL FEIJ\u00d3 ALIBERTI, LAURA BREDARIOL GON\u00c7ALVEZ, PATR\u00cdCIA SILVA L\u00daCIO, REBECA NEGR\u00c3O FERNANDES<\/td><\/tr><tr><td colspan=\"3\">Debate da sess\u00e3o 12: <em>Guilherme Sartori<\/em><\/td><\/tr><tr><td colspan=\"3\">Sess\u00e3o 13. <em>Institui\u00e7\u00f5es de sa\u00fade<\/em><\/td><\/tr><tr><td>16:00-16:10<\/td><td>4. A INTERDISCIPLINARIDADE COMO EIXO DO CUIDADO EM SA\u00daDE MENTAL: UMRELATO DE EXPERI\u00caNCIA NO CAPS I IBIPOR\u00c3<\/td><td>LUIZA TAKAHARA BORTOLIERO,&nbsp;BEATRIZ CRISTINA GALLO,&nbsp;BEATRIZ SILVA ROQUE, LUANA&nbsp;MOURE, LUISA GUEDES DI&nbsp;MAURO, MARIA LUIZA DUARTE DE&nbsp;MATOS, ROBERTH MINIGUINE&nbsp;TAVANTI<\/td><\/tr><tr><td>16:10-16:20<\/td><td>EXPERI\u00caNCIA DE EST\u00c1GIO NO CAPS II: LIMITES E POSSIBILIDADES<\/td><td>EDUARDO GARCIA GUIMAR\u00c3ES, ANA BEATRIZ MAREGA BELEM,<\/td><\/tr><tr><td>16:20-16:30<\/td><td>ATUA\u00c7\u00c3O PSICOL\u00d3GICA NA ATEN\u00c7\u00c3O PRIM\u00c1RIA: UNIDADES B\u00c1SICAS DE SA\u00daDE DA ZONA NORTE DE LONDRINA<\/td><td>YULLA CHRISTOFFERSEN KNAUS, CAROLINY VIT\u00d3RIA MARQUES DOS SANTOS, J\u00daLIA RAMOS GALVAN, S\u00c9RGIO BELON, VITTORIA DE QUEIROZ SWEI<\/td><\/tr><tr><td>16:30-16:40<\/td><td>A PSICAN\u00c1LISE NO HOSPITAL: RELATO DE EXPERI\u00caNCIA<\/td><td>RA\u00cdSSA MENDON\u00c7A DE CARVALHO; EMANUELLE FREIRIA SOUZA PRIMO; NATAREN TAMIRES BELLO PEDRO; MARIA CLARA IWAI BARACAT; MARIA ELIZABETH BARRETO TAVARES DOS REIS&nbsp;<\/td><\/tr><tr><td colspan=\"3\">Debate da sess\u00e3o 13: <em>Gabriel Martins da Silva<\/em><em><\/em><\/td><\/tr><tr><td colspan=\"3\">Sess\u00e3o 14. <em>Conex\u00f5es entre Psicologias<\/em><\/td><\/tr><tr><td>16:50-17:00<\/td><td>PSICOLOGIA CL\u00cdNICA, SA\u00daDE E PROCESSOS SOCIAIS E INSTITUCIONAIS: A ATUA\u00c7\u00c3O DA PSICOLOGIA NO CAPS DE JAGUAPIT\u00c3-PR, PRESEN\u00c7A E V\u00cdNCULO EM MEIO A INCERTEZA.<\/td><td>ANA JULIA DE ABREU MORAES NASCIMENTO, ALEJANDRA ASTRID LEON CEDENO, ANA JULIA DE ABREU MORAES NASCIMENTO<\/td><\/tr><tr><td>17:00-17:10<\/td><td>PSICOLOGIA CL\u00cdNICA, SA\u00daDE E PROCESSOS SOCIAIS E INSTITUCIONAIS: A PARCERIA INSTITUCIONAL ENTRE A ELO CONSULTORIA &#8211; EMPRESA J\u00daNIOR DE PSICOLOGIA DA UEL E O N\u00daCLEO DE ATEN\u00c7\u00c3O \u00c0 SA\u00daDE DO TRABALHADOR DE LONDRINA-PR<\/td><td>VITOR SOUZA DE CAMARGO, ANA JULIA DE ABREU MORAES NASCIMENTO, ANA VIT\u00d3RIA SHIRAI SARDINHA, ANDR\u00c9 LU\u00cdS VIZZACCARO AMARAL, CATHARINA TREVISAN, DANIELA DE SOUZA SANTOS, GABRIEL MARTINS DA SILVA, GIOVANA CAROLINE DE HERCULES, ISADORA GARBI DE OLIVEIRA, LUCIANA BONIS ROSSIGALLI, MURILLO VOLPATO, VITOR SOUZA DE CAMARGO<\/td><\/tr><tr><td colspan=\"3\">Debate da sess\u00e3o 14: <em>Ana Beatriz Parminondi Andrade<\/em><\/td><\/tr><\/tbody><\/table><\/figure>\n\n\n\n<p><\/p>\n\n\n\n<p class=\"has-text-align-center\">D\u00favidas? Leia com cuidado o arquivo de <a href=\"https:\/\/docs.google.com\/document\/d\/15-Bl9g1dZai35Am3fsqRJJ9ztk8Qpvm5\/edit?rtpof=true&amp;sd=true\" data-type=\"link\" data-id=\"https:\/\/docs.google.com\/document\/d\/15-Bl9g1dZai35Am3fsqRJJ9ztk8Qpvm5\/edit?rtpof=true&amp;sd=true\">Normas de submiss\u00e3o<\/a>. Caso ainda tenha d\u00favidas, mande para coordestagiopsico@uel.br <\/p>\n\n\n\n<p><\/p>\n","protected":false},"excerpt":{"rendered":"<p>Hor\u00e1rio Quarta-feira 05\/11\/2025 Quinta-feira 06\/11\/2025 14h-15:30h Roda de Conversa dos grupos de est\u00e1gio b\u00e1sico Turma 1000Sala 201 Roda de conversa dos grupos de est\u00e1gio b\u00e1sico Turma 2000Sala 201 Sexta-feira 07\/11\/2025 8:00-8:30 Abertura do eventoInstala\u00e7\u00e3o dos p\u00f4steres 8:30-9:10 Comunica\u00e7\u00f5es orais de 1 a 3 &#8211; \u00canfase 1 Cyro Grossi Comunica\u00e7\u00f5es orais de 4 a 6 &#8211; [&hellip;]<\/p>\n","protected":false},"author":8,"featured_media":0,"parent":0,"menu_order":0,"comment_status":"closed","ping_status":"closed","template":"","meta":{"_acf_changed":false,"footnotes":""},"class_list":["post-23","page","type-page","status-publish","hentry"],"acf":[],"_links":{"self":[{"href":"https:\/\/eventos.uel.br\/mostrapsi\/wp-json\/wp\/v2\/pages\/23","targetHints":{"allow":["GET"]}}],"collection":[{"href":"https:\/\/eventos.uel.br\/mostrapsi\/wp-json\/wp\/v2\/pages"}],"about":[{"href":"https:\/\/eventos.uel.br\/mostrapsi\/wp-json\/wp\/v2\/types\/page"}],"author":[{"embeddable":true,"href":"https:\/\/eventos.uel.br\/mostrapsi\/wp-json\/wp\/v2\/users\/8"}],"replies":[{"embeddable":true,"href":"https:\/\/eventos.uel.br\/mostrapsi\/wp-json\/wp\/v2\/comments?post=23"}],"version-history":[{"count":19,"href":"https:\/\/eventos.uel.br\/mostrapsi\/wp-json\/wp\/v2\/pages\/23\/revisions"}],"predecessor-version":[{"id":247,"href":"https:\/\/eventos.uel.br\/mostrapsi\/wp-json\/wp\/v2\/pages\/23\/revisions\/247"}],"wp:attachment":[{"href":"https:\/\/eventos.uel.br\/mostrapsi\/wp-json\/wp\/v2\/media?parent=23"}],"curies":[{"name":"wp","href":"https:\/\/api.w.org\/{rel}","templated":true}]}}