{"id":30,"date":"2026-08-21T09:43:49","date_gmt":"2026-08-21T12:43:49","guid":{"rendered":"https:\/\/eventos.uel.br\/eaiti\/?page_id=30"},"modified":"2026-08-21T13:42:38","modified_gmt":"2026-08-21T16:42:38","slug":"duvidas-frequentes","status":"publish","type":"page","link":"https:\/\/eventos.uel.br\/eaiti\/duvidas-frequentes\/","title":{"rendered":"D\u00favidas Frequentes"},"content":{"rendered":"\n<hr class=\"wp-block-separator has-text-color has-verde-escuro-color has-alpha-channel-opacity has-verde-escuro-background-color has-background is-style-wide\"\/>\n\n\n\n<ol class=\"wp-block-list\">\n<li><strong>Alunos de Inicia\u00e7\u00e3o Cient\u00edfica \u201csem concess\u00e3o de bolsa\u201d precisam inscrever-se no XXXV EAIC?<\/strong><br>Sim, os estudantes\u00a0de IC sem bolsa tamb\u00e9m dever\u00e3o apresentar os trabalhos no EAIC.<\/li>\n\n\n\n<li><strong>Alunos de ensino m\u00e9dio que fazem Inicia\u00e7\u00e3o Cient\u00edfica J\u00fanior na UEL, podem inscrever-se no VI EAIC Jr?<\/strong><br>Sim, dever\u00e3o participar e ser\u00e3o isentos do pagamento da taxa de inscri\u00e7\u00e3o, somente alunos bolsistas que desenvolveram as atividades na UEL.\u00a0<\/li>\n\n\n\n<li><strong>Bolsistas do PIBIC-A\u00e7\u00f5es Afirmativas e Inclus\u00e3o Social podem inscrever-se no XXXV<\/strong>\u00a0<strong>EAIC?<\/strong><br>Sim. A participa\u00e7\u00e3o dos bolsistas PIBIC-Af, com bolsa do CNPq, \u00e9 obrigat\u00f3ria. Para os bolsistas PIBIC-UEL-Inclus\u00e3o Social da Funda\u00e7\u00e3o Arauc\u00e1ria, cuja vig\u00eancia da bolsa\/pesquisa vai at\u00e9 outubro, tamb\u00e9m \u00e9 obrigat\u00f3ria. Bolsistas das demais IES e participantes do PIBIC-Inclus\u00e3o Social \u2013 Funda\u00e7\u00e3o Arauc\u00e1ria devem se informar com a coordena\u00e7\u00e3o do programa de sua respectiva IES para saberem se devem ou n\u00e3o participar do EAIC. De toda forma, somente devem se inscrever bolsistas que desenvolvam projetos de pesquisa. O EAIC \u00e9 um evento genuinamente de Inicia\u00e7\u00e3o Cient\u00edfica, portanto, n\u00e3o aceita a inscri\u00e7\u00e3o de trabalhos de extens\u00e3o.<\/li>\n\n\n\n<li><strong>Posso inscrever-me como ouvinte?<\/strong><br>Sim.\u00a0Os ouvintes s\u00e3o isentos da taxa de inscri\u00e7\u00e3o, e ter\u00e3o direito \u00e0 certificado de ouvinte mediante assinatura da lista de presen\u00e7a que estar\u00e1 dispon\u00edvel em todas as salas de apresenta\u00e7\u00f5es de trabalhos do evento. No entanto, essa modalidade n\u00e3o d\u00e1 direito a material (pasta, blocos, canetas etc.). Mesmo com a modalidade de ouvinte dispon\u00edvel, as sess\u00f5es de apresenta\u00e7\u00f5es de trabalhos continuam abertas \u00e0 toda a comunidade acad\u00eamica, sem necessidade de inscri\u00e7\u00e3o e, portanto, sem custos e sem direito a material.<\/li>\n\n\n\n<li><strong>Haver\u00e1 men\u00e7\u00e3o honrosa aos melhores trabalhos apresentados no XXXV EAIC?<\/strong><br>Sim, a partir da Edi\u00e7\u00e3o de 2019, aos melhores trabalhos ser\u00e1 atribu\u00edda uma men\u00e7\u00e3o honrosa. Voc\u00ea poder\u00e1 escolher se deseja concorrer com seu resumo e caso opte por concorrer dever\u00e1 apresentar uma carta de recomenda\u00e7\u00e3o do Orientador no momento de submiss\u00e3o do resumo.\u00a0<\/li>\n\n\n\n<li><strong>Qual a data limite para inscri\u00e7\u00e3o e envio do resumo ?<\/strong><br>A data limite \u00e9 25\/09\/2026.<\/li>\n\n\n\n<li><strong>Onde encontro a Tabela de \u00c1reas do Conhecimento do CNPq?<\/strong><br>A tabela est\u00e1 dispon\u00edvel no site:\u00a0<a href=\"https:\/\/lattes.cnpq.br\/web\/dgp\/arvore-do-conhecimento\">https:\/\/lattes.cnpq.br\/web\/dgp\/arvore-do-conhecimento<\/a><\/li>\n\n\n\n<li><strong>A \u00e1rea de conhecimento selecionada \u00e9 a do trabalho ou do orientador, no caso de serem \u00e1reas diferentes?<\/strong><br>A \u00e1rea que deve ser selecionada \u00e9 a do trabalho, conforme indicado pelo orientador no momento de indica\u00e7\u00e3o do bolsista de do projeto de IC.<\/li>\n\n\n\n<li><strong>At\u00e9 que data pode ser enviado o resumo?<\/strong><br>At\u00e9 o dia 25 de setembro de 2025. Por\u00e9m, \u00e9 altamente recomend\u00e1vel n\u00e3o deixar para o \u00faltimo dia.<\/li>\n<\/ol>\n","protected":false},"excerpt":{"rendered":"","protected":false},"author":6,"featured_media":0,"parent":0,"menu_order":0,"comment_status":"closed","ping_status":"closed","template":"","meta":{"_acf_changed":false,"footnotes":"","_members_access_role":[],"_members_access_error":""},"class_list":["post-30","page","type-page","status-publish","hentry"],"acf":[],"_links":{"self":[{"href":"https:\/\/eventos.uel.br\/eaiti\/wp-json\/wp\/v2\/pages\/30","targetHints":{"allow":["GET"]}}],"collection":[{"href":"https:\/\/eventos.uel.br\/eaiti\/wp-json\/wp\/v2\/pages"}],"about":[{"href":"https:\/\/eventos.uel.br\/eaiti\/wp-json\/wp\/v2\/types\/page"}],"author":[{"embeddable":true,"href":"https:\/\/eventos.uel.br\/eaiti\/wp-json\/wp\/v2\/users\/6"}],"replies":[{"embeddable":true,"href":"https:\/\/eventos.uel.br\/eaiti\/wp-json\/wp\/v2\/comments?post=30"}],"version-history":[{"count":4,"href":"https:\/\/eventos.uel.br\/eaiti\/wp-json\/wp\/v2\/pages\/30\/revisions"}],"predecessor-version":[{"id":62,"href":"https:\/\/eventos.uel.br\/eaiti\/wp-json\/wp\/v2\/pages\/30\/revisions\/62"}],"wp:attachment":[{"href":"https:\/\/eventos.uel.br\/eaiti\/wp-json\/wp\/v2\/media?parent=30"}],"curies":[{"name":"wp","href":"https:\/\/api.w.org\/{rel}","templated":true}]}}