{"id":22,"date":"2026-08-21T09:41:08","date_gmt":"2026-08-21T12:41:08","guid":{"rendered":"https:\/\/eventos.uel.br\/eaiti\/?page_id=22"},"modified":"2026-08-24T15:33:29","modified_gmt":"2026-08-24T18:33:29","slug":"comissoes","status":"publish","type":"page","link":"https:\/\/eventos.uel.br\/eaiti\/comissoes\/","title":{"rendered":"Comiss\u00f5es"},"content":{"rendered":"\n<hr class=\"wp-block-separator has-text-color has-verde-escuro-color has-alpha-channel-opacity has-verde-escuro-background-color has-background is-style-wide\"\/>\n\n\n\n<p class=\"wp-block-paragraph\"><strong>COMIT\u00ca ASSESSOR<\/strong><\/p>\n\n\n\n<p class=\"wp-block-paragraph\"><strong>Presidente<\/strong><\/p>\n\n\n\n<p class=\"wp-block-paragraph\"><a href=\"http:\/\/lattes.cnpq.br\/6685937510727967\" target=\"_blank\" rel=\"noopener\">Doumit Camilios Neto<\/a>&nbsp;(<a href=\"mailto:proppgdp@uel.br\">proppgdp@uel.br<\/a>)<br>CCE \u2013 Bioqu\u00edmica e Biotecnologia<br>Desde 10\/06\/2026 at\u00e9 09\/06\/2030 (Portaria em breve ser\u00e1 disponibilizada)<\/p>\n\n\n\n<p class=\"wp-block-paragraph\"><strong>Diretor da Aintec<\/strong><\/p>\n\n\n\n<p class=\"wp-block-paragraph\"><a href=\"http:\/\/lattes.cnpq.br\/0212864823556099\" target=\"_blank\" rel=\"noopener\"><u>Admilton Gon\u00e7alves de Oliveira J\u00fanior<\/u><\/a>&nbsp;(<a href=\"mailto:admilton@uel.br\">admilton@uel.br<\/a>)<br>CCB \u2013 Microbiologia<br>Desde 10\/06\/2026 at\u00e9 09\/06\/2030 (Portaria em breve ser\u00e1 disponibilizada)<\/p>\n\n\n\n<p class=\"wp-block-paragraph\"><strong>Membros<\/strong><\/p>\n\n\n\n<p class=\"wp-block-paragraph\"><a href=\"http:\/\/lattes.cnpq.br\/7095461723956048\" target=\"_blank\" rel=\"noopener\"><u>Alexandre Orsato<\/u><\/a>&nbsp;(<a href=\"mailto:orsato@uel.br\" target=\"_blank\" rel=\"noopener\">orsato@uel.br<\/a>)<br>CCE \u2013 Qu\u00edmica<br>Desde 28\/02\/2024 at\u00e9 31\/12\/2027 (Portarias&nbsp;<a href=\"https:\/\/sistemas.uel.br\/files\/atonormativo\/PORTARIA\/2024\/483.pdf\" target=\"_blank\" rel=\"noopener\">483\/2024<\/a>&nbsp;e 58\/2026)<\/p>\n\n\n\n<p class=\"wp-block-paragraph\"><a href=\"http:\/\/lattes.cnpq.br\/2532741243269868\" target=\"_blank\" rel=\"noopener\">Gerson Nakazato<\/a>&nbsp;(<a href=\"mailto:gnakazato@uel.br\">gnakazato@uel.br<\/a>)<br>CCB \u2013 Microbiologia<br>Desde 08\/01\/2026 at\u00e9 31\/12\/2027 (Portaria 56\/2026)<\/p>\n\n\n\n<p class=\"wp-block-paragraph\"><a href=\"http:\/\/lattes.cnpq.br\/9688894769735878\" target=\"_blank\" rel=\"noopener\">Josiane Alessandra Vignoli Camilios<\/a>&nbsp;(<a href=\"mailto:javignoli@uel.br\" target=\"_blank\" rel=\"noopener\">javignoli@uel.br<\/a>)<br>CCE \u2013 Bioqu\u00edmica e Biotecnologia<br>Desde 28\/02\/2024 at\u00e9 31\/12\/2026 (Portarias&nbsp;<a href=\"https:\/\/sistemas.uel.br\/files\/atonormativo\/PORTARIA\/2024\/440.pdf\" target=\"_blank\" rel=\"noopener\">440\/2024<\/a>&nbsp;e 59\/2026)<\/p>\n\n\n\n<p class=\"wp-block-paragraph\"><a href=\"http:\/\/lattes.cnpq.br\/7573020509636418\" target=\"_blank\" rel=\"noopener\">Ligia Carla Faccin Galhardi<\/a>&nbsp;(<a href=\"mailto:javignoli@uel.br\" target=\"_blank\" rel=\"noopener\">lgalhardi@uel.br<\/a>)<br>CCB \u2013 Microbiologia<br>Desde 03\/04\/2024 at\u00e9 31\/12\/2027 (Portarias&nbsp;<a href=\"https:\/\/sites.uel.br\/proppg\/wp-content\/uploads\/2024\/04\/2024-942-entrada-Ligia-Carla-Faccin-Galhardi.pdf\" target=\"_blank\" rel=\"noopener\"><u>942\/2024<\/u><\/a>&nbsp;e 57\/2026)<\/p>\n\n\n\n<p class=\"wp-block-paragraph\"><a href=\"http:\/\/lattes.cnpq.br\/3449930989342098\" target=\"_blank\" rel=\"noopener\">Luciano Aparecido Panagio<\/a>&nbsp;(<a href=\"mailto:lapanagio@uel.br\">lapanagio@uel.br<\/a>)<br>CCB \u2013 Microbiologia<br>Desde 08\/01\/2026 at\u00e9 31\/12\/2027 (Portaria 55\/2026)<\/p>\n\n\n\n<p class=\"wp-block-paragraph\"><a href=\"http:\/\/lattes.cnpq.br\/8103146519423861\" target=\"_blank\" rel=\"noopener\">Maria Antonia Pedrine Colabone Celligoi<\/a>&nbsp;(<a href=\"mailto:macelligoi@uel.br\">macelligoi@uel.br<\/a>)<br>CCE \u2013 Bioqu\u00edmica e Biotecnologia<br>Desde 09\/06\/2025 at\u00e9 31\/12\/2026 (Portaria em breve ser\u00e1 disponibilizada)<\/p>\n\n\n\n<p class=\"wp-block-paragraph\"><a href=\"http:\/\/lattes.cnpq.br\/7754070126696794\" target=\"_blank\" rel=\"noopener\">Nicole Caldas Pan<\/a>&nbsp;(<a href=\"mailto:nicolepan@uel.br\" target=\"_blank\" rel=\"noopener\">nicolepan@uel.br<\/a>)<br>CCE \u2013 Bioqu\u00edmica e Biotecnologia<br>Desde 03\/06\/2026 at\u00e9 31\/12\/2026 (Portaria&nbsp;<a href=\"https:\/\/sites.uel.br\/proppg\/wp-content\/uploads\/Pesquisa\/Iniciacao\/2026-1412-entrada-Nicole-Caldas-Pan.pdf\" target=\"_blank\" rel=\"noopener\">1412\/2026<\/a>)<\/p>\n\n\n\n<p class=\"wp-block-paragraph\"><a href=\"http:\/\/lattes.cnpq.br\/6079006066073608\" target=\"_blank\" rel=\"noopener\">Patr\u00edcia de Mello Souza<\/a>&nbsp;(<a href=\"mailto:patriciademellosouza@gmail.com\" target=\"_blank\" rel=\"noopener\">patriciademellosouza@gmail.com<\/a>)<br>CECA \u2013 Design<br>Desde 25\/07\/2025 at\u00e9 31\/12\/2026 (Portaria&nbsp;<a href=\"https:\/\/sistemas.uel.br\/files\/atonormativo\/PORTARIA\/2025\/1898.pdf\">1898\/2025<\/a>)<\/p>\n\n\n\n<p class=\"wp-block-paragraph\"><a href=\"http:\/\/lattes.cnpq.br\/1982711995508281\" target=\"_blank\" rel=\"noopener\">Wilma Aparecida Spinosa<\/a>&nbsp;(<a href=\"mailto:wilma.spinosa@uel.br\" target=\"_blank\" rel=\"noopener\">wilma.spinosa@uel.br<\/a>)<br>CCA \u2013 Ci\u00eancia e Tecnologia de Alimentos<br>Desde 09\/06\/2026 at\u00e9 31\/12\/2026 (Portaria 1728\/2026)<\/p>\n","protected":false},"excerpt":{"rendered":"<p>COMIT\u00ca ASSESSOR Presidente Doumit Camilios Neto&nbsp;(proppgdp@uel.br)CCE \u2013 Bioqu\u00edmica e BiotecnologiaDesde 10\/06\/2026 at\u00e9 09\/06\/2030 (Portaria em breve ser\u00e1 disponibilizada) Diretor da Aintec Admilton Gon\u00e7alves de Oliveira J\u00fanior&nbsp;(admilton@uel.br)CCB \u2013 MicrobiologiaDesde 10\/06\/2026 at\u00e9 09\/06\/2030 (Portaria em breve ser\u00e1 disponibilizada) Membros Alexandre Orsato&nbsp;(orsato@uel.br)CCE \u2013 Qu\u00edmicaDesde 28\/02\/2024 at\u00e9 31\/12\/2027 (Portarias&nbsp;483\/2024&nbsp;e 58\/2026) Gerson Nakazato&nbsp;(gnakazato@uel.br)CCB \u2013 MicrobiologiaDesde 08\/01\/2026 at\u00e9 31\/12\/2027 (Portaria 56\/2026) [&hellip;]<\/p>\n","protected":false},"author":6,"featured_media":0,"parent":0,"menu_order":0,"comment_status":"closed","ping_status":"closed","template":"","meta":{"_acf_changed":false,"footnotes":"","_members_access_role":[],"_members_access_error":""},"class_list":["post-22","page","type-page","status-publish","hentry"],"acf":[],"_links":{"self":[{"href":"https:\/\/eventos.uel.br\/eaiti\/wp-json\/wp\/v2\/pages\/22","targetHints":{"allow":["GET"]}}],"collection":[{"href":"https:\/\/eventos.uel.br\/eaiti\/wp-json\/wp\/v2\/pages"}],"about":[{"href":"https:\/\/eventos.uel.br\/eaiti\/wp-json\/wp\/v2\/types\/page"}],"author":[{"embeddable":true,"href":"https:\/\/eventos.uel.br\/eaiti\/wp-json\/wp\/v2\/users\/6"}],"replies":[{"embeddable":true,"href":"https:\/\/eventos.uel.br\/eaiti\/wp-json\/wp\/v2\/comments?post=22"}],"version-history":[{"count":4,"href":"https:\/\/eventos.uel.br\/eaiti\/wp-json\/wp\/v2\/pages\/22\/revisions"}],"predecessor-version":[{"id":88,"href":"https:\/\/eventos.uel.br\/eaiti\/wp-json\/wp\/v2\/pages\/22\/revisions\/88"}],"wp:attachment":[{"href":"https:\/\/eventos.uel.br\/eaiti\/wp-json\/wp\/v2\/media?parent=22"}],"curies":[{"name":"wp","href":"https:\/\/api.w.org\/{rel}","templated":true}]}}