{"id":675,"date":"2026-07-31T16:26:36","date_gmt":"2026-07-31T19:26:36","guid":{"rendered":"https:\/\/eventos.uel.br\/eaic\/?page_id=675"},"modified":"2026-09-04T10:47:11","modified_gmt":"2026-09-04T13:47:11","slug":"comissoes","status":"publish","type":"page","link":"https:\/\/eventos.uel.br\/eaic\/comissoes\/","title":{"rendered":"Comiss\u00f5es"},"content":{"rendered":"\n<hr class=\"wp-block-separator has-text-color has-verde-escuro-color has-alpha-channel-opacity has-verde-escuro-background-color has-background is-style-wide\"\/>\n\n\n\n<p class=\"wp-block-paragraph\"><strong><em>COMISS\u00c3O ORGANIZADORA<\/em><\/strong><br><strong>Coordena\u00e7\u00e3o Geral<\/strong><br>Prof. Dra. &nbsp;Juliana Reichert Assun\u00e7\u00e3o Tonelli<\/p>\n\n\n\n<p class=\"wp-block-paragraph\"><\/p>\n\n\n\n<hr class=\"wp-block-separator has-text-color has-verde-escuro-color has-alpha-channel-opacity has-verde-escuro-background-color has-background is-style-wide\"\/>\n\n\n\n<p class=\"wp-block-paragraph\"><em><strong>COMISS\u00c3O CIENT\u00cdFICA<\/strong><\/em><\/p>\n\n\n\n<p class=\"wp-block-paragraph\"><strong>Comit\u00ea PROIC da UE<\/strong>L<\/p>\n\n\n\n<p class=\"wp-block-paragraph\"><strong>Ci\u00eancias Exatas e da Terra<\/strong><br><mark class=\"has-inline-color has-verde-escuro-color\">Prof. Dr. Odair Pastor Ferreira<\/mark><br>Prof. Dr. Fabio Luiz Melquiades<br>Profa. Dra. Karina Benassi Angilelli<br>Profa. Dra. Marcela Zanetti Corazza<br>Prof. Dr. Paulo Laerte Natti<br>Prof. Dr. Pietro Chimenti<\/p>\n\n\n\n<p class=\"wp-block-paragraph\"><strong>Ci\u00eancias<\/strong>&nbsp;<strong>Biol\u00f3gicas<\/strong><br><mark class=\"has-inline-color has-verde-escuro-color\">Profa. Dra. Elisete Pains Rodrigues<\/mark><br>Prof. Dr. Ernane Torres Uch\u00f4a<br>Profa. Dra. Glaura Scantamburlo Alves Fernandes<br>Profa. Dra. Graziela Scalianti Ceravolo<br>Profa. Dra. Josiane Alessandra Vignoli Camilios<br>Profa. Dra. Juliana Delatim Simonato Rocha<br>Profa. Dra. Juliana Mara Serpeloni<br>Profa. Dra. Sueli Fumie Yamada Ogatta<\/p>\n\n\n\n<p class=\"wp-block-paragraph\"><strong>Engenharias<\/strong><br><mark class=\"has-inline-color has-verde-escuro-color\">Profa. Dra. Camila Gregorio Atem<\/mark><br>Profa. Dra. Em\u00edlia Kiyomi Kuroda<br>Prof. Dr. Marcelo Carvalho Tosin<br>Prof. Dr. Leonardo Poltronieri Sampaio &#8211; UTFPR<\/p>\n\n\n\n<p class=\"wp-block-paragraph\"><strong>Ci\u00eancia da<\/strong>&nbsp;<strong>Sa\u00fade<\/strong><br><mark class=\"has-inline-color has-verde-escuro-color\">Profa. Dra. Suhaila Mahmoud Smaili Santos<\/mark><br>Prof. Dr. Ademar Takahama Junior<br>Profa. Dra. Adriana Valongo Zani<br>Prof. Dr. Felipe Arruda Moura<br>Prof. Dr. Mathias Roberto Loch<br>Profa. Dra. Patricia Aroni Dadalt<br>Profa. Dra. Renata Perfeito Ribeiro<br>Prof. Dr. Ricardo Sergio Couto de Almeida<\/p>\n\n\n\n<p class=\"wp-block-paragraph\"><strong>Ci\u00eancias<\/strong>&nbsp;<strong>Agr\u00e1rias<\/strong><br><mark class=\"has-inline-color has-verde-escuro-color\">Prof. Dr. Nelson Mauricio Lopera Barrero<\/mark><br>Profa. Dra. D\u00e9bora Cristina Santiago<br>Profa. Dra. Karina Keller Marques da Costa Flaiban<br>Profa. Dra. Maria Isabel Balbi Pe\u00f1a<br>Profa. Dra. Maria Isabel Mello Martins<br>Profa. Dra. Odimari Pricila Prado Calixto<\/p>\n\n\n\n<p class=\"wp-block-paragraph\"><strong>Ci\u00eancias<\/strong>&nbsp;<strong>Sociais Aplicadas<\/strong>&nbsp;<br><mark class=\"has-inline-color has-verde-escuro-color\">Profa. Dra. Milena Kanashiro<\/mark><br>Profa. Dra. Ana Cristina de Albuquerque<br>Prof. Dr. Eduardo Augusto do Rosario Contani<br>Profa. Dra. Kathiuscia Aparecida Freitas Pereira Coelho<br>Profa. Dra. Rosane Fonseca de Freitas Martins<br>Prof. Dr. Saulo Fabiano Am\u00e2ncio Vieira<\/p>\n\n\n\n<p class=\"wp-block-paragraph\"><strong>Ci\u00eancias<\/strong>&nbsp;<strong>Humanas<\/strong><br><mark class=\"has-inline-color has-verde-escuro-color\">Profa. Dra. Adriana Medeiros Farias<\/mark><br>Prof. Dr. Darc\u00edsio Natal Muraro<br>Profa. Dra. Eliane Cleide da Silva Czernisz<br>Profa. Dra. Jeani Delgado Paschoal Moura<br>Profa. Dra. Katya Luciane de Oliveira<br>Prof. Dr. Marcos Alexandre Gomes Nalli<br>Prof. Dr. Marcos Hirata Soares<br>Prof. Dr. Marcos Rodrigues da Silva<br>Profa. Dra. Margarida de C\u00e1ssia Campos<br>Profa. Dra. Mariana Aparecida Bologna Soares de Andrade<br>Profa. Dra. Mirian Donat<br>Profa. Dra. Sonia Regina Vargas Mansano<\/p>\n\n\n\n<p class=\"wp-block-paragraph\"><strong>Letras, Lingu\u00edstica e Artes<\/strong>&nbsp;&nbsp;<br><mark class=\"has-inline-color has-verde-escuro-color\">Profa. Dra. Adriana Aparecida de Figueiredo Fiuza<br><\/mark>Profa. Dra. Claudia Camardella Rio Doce<br>Prof. Dr. Leandro Augusto dos Reis<br>Profa. Dra. Maria Carolina de Godoy<br>Profa. Dra. Telma Maciel da Silva<\/p>\n\n\n\n<hr class=\"wp-block-separator has-text-color has-verde-escuro-color has-alpha-channel-opacity has-verde-escuro-background-color has-background is-style-wide\"\/>\n\n\n\n<p class=\"wp-block-paragraph\"><em><strong>COMIT\u00ca EXTERNO CNPq<\/strong><\/em><\/p>\n\n\n\n<p class=\"wp-block-paragraph\"><strong>COMPOSI\u00c7\u00c3O DO COMIT\u00ca AVALIADOR DO CNPq DO XXXIV EAIC \u2013UEL<\/strong><\/p>\n\n\n\n<p class=\"wp-block-paragraph\"><strong>Ci\u00eancias<\/strong>&nbsp;<strong>Exatas e da Terra<\/strong><br>Prof. Dr.&nbsp; Douglas Cardoso Dragunsk &#8211; UNIOESTE<\/p>\n\n\n\n<p class=\"wp-block-paragraph\"><strong>Ci\u00eancias<\/strong>&nbsp;<strong>Biol\u00f3gicas<\/strong><br>Prof. Dr. Marcelo M\u00fcller &#8211; UFPR<\/p>\n\n\n\n<p class=\"wp-block-paragraph\"><strong>Engenharias<\/strong><\/p>\n\n\n\n<p class=\"wp-block-paragraph\"><strong>Ci\u00eancias da<\/strong>&nbsp;<strong>Sa\u00fade<\/strong><br>Profa. Dra. M\u00e1rcia Regina Cubas &#8211; PUC<\/p>\n\n\n\n<p class=\"wp-block-paragraph\"><strong>Ci\u00eancias&nbsp;Agr\u00e1rias<\/strong><br>Profa. Dra. Magali Soares dos Santos Pozza &#8211; UEM<\/p>\n\n\n\n<p class=\"wp-block-paragraph\"><strong>Ci\u00eancias<\/strong>&nbsp;<strong>Sociais Aplicadas<\/strong>&nbsp;<br>Profa. Dra. Lucia Cortes da Costa &#8211; UEPG<\/p>\n\n\n\n<p class=\"wp-block-paragraph\"><strong>Ci\u00eancias<\/strong>&nbsp;<strong>Humanas<\/strong>&nbsp;<br>Profa. Dra. Monalisa Muniz Nascimento &#8211; UFSCAR<\/p>\n\n\n\n<p class=\"wp-block-paragraph\"><strong>Lingu\u00edstica, Letras e Artes<\/strong><br>Profa. Dra. Cristiane Carneiro Capristano &#8211; UEM<\/p>\n","protected":false},"excerpt":{"rendered":"<p>COMISS\u00c3O ORGANIZADORACoordena\u00e7\u00e3o GeralProf. Dra. &nbsp;Juliana Reichert Assun\u00e7\u00e3o Tonelli COMISS\u00c3O CIENT\u00cdFICA Comit\u00ea PROIC da UEL Ci\u00eancias Exatas e da TerraProf. Dr. Odair Pastor FerreiraProf. Dr. Fabio Luiz MelquiadesProfa. Dra. Karina Benassi AngilelliProfa. Dra. Marcela Zanetti CorazzaProf. Dr. Paulo Laerte NattiProf. Dr. Pietro Chimenti Ci\u00eancias&nbsp;Biol\u00f3gicasProfa. Dra. Elisete Pains RodriguesProf. Dr. Ernane Torres Uch\u00f4aProfa. Dra. Glaura Scantamburlo Alves [&hellip;]<\/p>\n","protected":false},"author":6,"featured_media":0,"parent":0,"menu_order":0,"comment_status":"closed","ping_status":"closed","template":"","meta":{"_acf_changed":false,"_themeisle_gutenberg_block_has_review":false,"footnotes":""},"class_list":["post-675","page","type-page","status-publish","hentry"],"acf":[],"_links":{"self":[{"href":"https:\/\/eventos.uel.br\/eaic\/wp-json\/wp\/v2\/pages\/675","targetHints":{"allow":["GET"]}}],"collection":[{"href":"https:\/\/eventos.uel.br\/eaic\/wp-json\/wp\/v2\/pages"}],"about":[{"href":"https:\/\/eventos.uel.br\/eaic\/wp-json\/wp\/v2\/types\/page"}],"author":[{"embeddable":true,"href":"https:\/\/eventos.uel.br\/eaic\/wp-json\/wp\/v2\/users\/6"}],"replies":[{"embeddable":true,"href":"https:\/\/eventos.uel.br\/eaic\/wp-json\/wp\/v2\/comments?post=675"}],"version-history":[{"count":21,"href":"https:\/\/eventos.uel.br\/eaic\/wp-json\/wp\/v2\/pages\/675\/revisions"}],"predecessor-version":[{"id":765,"href":"https:\/\/eventos.uel.br\/eaic\/wp-json\/wp\/v2\/pages\/675\/revisions\/765"}],"wp:attachment":[{"href":"https:\/\/eventos.uel.br\/eaic\/wp-json\/wp\/v2\/media?parent=675"}],"curies":[{"name":"wp","href":"https:\/\/api.w.org\/{rel}","templated":true}]}}