{"id":310,"date":"2025-01-20T11:09:14","date_gmt":"2025-01-20T14:09:14","guid":{"rendered":"https:\/\/eventos.uel.br\/cpm\/?page_id=310"},"modified":"2025-07-28T14:27:35","modified_gmt":"2025-07-28T17:27:35","slug":"normas-e-modelo-apresentacao-oral","status":"publish","type":"page","link":"https:\/\/eventos.uel.br\/cpm\/normas-e-modelo-apresentacao-oral\/","title":{"rendered":"Normas e Modelo &#8211; Apresenta\u00e7\u00e3o Oral"},"content":{"rendered":"\n<p class=\"has-text-align-center\"><strong>Os candidatos selecionados para a apresenta\u00e7\u00e3o oral ser\u00e3o notificados por e-mail pela comiss\u00e3o cient\u00edfica at\u00e9 o dia 01 de Agosto de 2025. A apresenta\u00e7\u00e3o oral dever\u00e1 ser enviada em formato PowerPoint (.pptx) at\u00e9 o dia 07 de Agosto de 2025.<\/strong><\/p>\n\n\n\n<h3 class=\"wp-block-heading\"><strong>Confec\u00e7\u00e3o da apresenta\u00e7\u00e3o oral<\/strong><\/h3>\n\n\n\n<p>&#8211; O material a ser exibido na <strong>apresenta\u00e7\u00e3o oral<\/strong> deve ser <strong>substancialmente semelhante<\/strong> ao descrito no <strong>resumo aprovado<\/strong>.<\/p>\n\n\n\n<p>&#8211; O <strong>t\u00edtulo<\/strong>, os <strong>autores<\/strong> e o <strong>conte\u00fado cient\u00edfico<\/strong> devem ser <strong>id\u00eanticos<\/strong> aos do <strong>resumo aprovado<\/strong>, e eventuais <strong>apoios financeiros<\/strong> devem ser mencionados no <strong>slide de agradecimento<\/strong>, caso existam.<\/p>\n\n\n\n<p>&#8211; A <strong>apresenta\u00e7\u00e3o<\/strong> dever\u00e1 conter as se\u00e7\u00f5es de <strong>Introdu\u00e7\u00e3o<\/strong>, <strong>Objetivos<\/strong>, <strong>Material e M\u00e9todos<\/strong>, <strong>Resultados e Discuss\u00e3o<\/strong> e <strong>Conclus\u00e3o<\/strong>.<\/p>\n\n\n\n<p>&#8211; A <strong>apresenta\u00e7\u00e3o<\/strong> deve ser elaborada no formato <strong>.pptx<\/strong> (<strong>PowerPoint<\/strong>) com orienta\u00e7\u00e3o <strong>paisagem<\/strong>, na configura\u00e7\u00e3o <strong>widescreen (16:9)<\/strong>. \u00c9 <strong>obrigat\u00f3rio<\/strong> o uso do <strong>modelo de apresenta\u00e7\u00e3o disponibilizado<\/strong>, sendo permitida a inser\u00e7\u00e3o de <strong>tabelas<\/strong>, <strong>gr\u00e1ficos<\/strong> e <strong>imagens<\/strong> para facilitar a compreens\u00e3o do conte\u00fado.<\/p>\n\n\n\n<p>&#8211; N\u00e3o ser\u00e1 permitida qualquer <strong>altera\u00e7\u00e3o<\/strong> no <strong>layout<\/strong> ou <strong>design<\/strong> da <strong>apresenta\u00e7\u00e3o<\/strong>. Trabalhos que n\u00e3o seguirem o <strong>modelo<\/strong> poder\u00e3o ser <strong>penalizados<\/strong>. Ser\u00e1 permitido o acr\u00e9scimo de <strong>p\u00e1ginas adicionais<\/strong> para cada t\u00f3pico, desde que sejam mantidos o <strong>cabe\u00e7alho<\/strong> e <strong>espa\u00e7amento<\/strong> especificados no modelo disponibilizado.<\/p>\n\n\n\n<p>&#8211; Para incluir o <strong>logo<\/strong> da <strong>institui\u00e7\u00e3o<\/strong> ou do <strong>laborat\u00f3rio<\/strong> de origem, deve-se inseri-lo no <strong>canto inferior direito<\/strong> do <strong>slide inicial<\/strong>, no mesmo local do <strong>logo do evento<\/strong>, ou no <strong>slide de agradecimento<\/strong>.<\/p>\n\n\n\n<p>&#8211; Os <strong>logos<\/strong> da <strong>institui\u00e7\u00e3o<\/strong>, do <strong>laborat\u00f3rio<\/strong> e dos <strong>\u00f3rg\u00e3os de fomento<\/strong> devem estar no formato <strong>.png<\/strong>, com <strong>fundo transparente<\/strong> e na cor <strong>branca<\/strong>.<\/p>\n\n\n\n<h3 class=\"wp-block-heading\">Normas &#8211; Apresenta\u00e7\u00e3o Oral<\/h3>\n\n\n\n<p>&#8211; A <strong>apresenta\u00e7\u00e3o oral<\/strong> dever\u00e1 ter dura\u00e7\u00e3o m\u00e1xima de <strong>10 minutos<\/strong> e deve ser realizada pela mesma pessoa que enviou o <strong>resumo<\/strong> e o <strong>p\u00f4ster<\/strong>.<\/p>\n\n\n\n<p>&#8211; N\u00e3o ser\u00e1 permitida a indica\u00e7\u00e3o de <strong>dois apresentadores<\/strong> para o mesmo <strong>trabalho<\/strong>.<\/p>\n\n\n\n<p>&#8211; O <strong>apresentador<\/strong> dever\u00e1 enviar a <strong>apresenta\u00e7\u00e3o oral<\/strong> em formato <strong>PowerPoint (.pptx)<\/strong> at\u00e9 o dia <strong>07 de Agosto de 2025<\/strong>, para o e-mail da <strong>comiss\u00e3o cient\u00edfica<\/strong> (<strong>cpm.cientifica@gmail.com<\/strong>).<\/p>\n\n\n\n<p>&#8211; Caso a <strong>apresenta\u00e7\u00e3o oral<\/strong> n\u00e3o seja enviada at\u00e9 a <strong>data limite<\/strong>, o trabalho ser\u00e1 automaticamente <strong>desconsiderado<\/strong>.<\/p>\n\n\n\n<p>&#8211; A <strong>apresenta\u00e7\u00e3o oral<\/strong> ocorrer\u00e1 no dia <strong>15 de agosto de 2025<\/strong>, em <strong>sala previamente estabelecida<\/strong>, que ser\u00e1 informada aos <strong>apresentadores<\/strong> via <strong>e-mail<\/strong>. A <strong>apresenta\u00e7\u00e3o<\/strong> ser\u00e1 dividida em <strong>10 minutos<\/strong> para exposi\u00e7\u00e3o e <strong>10 minutos<\/strong> para responder \u00e0s <strong>quest\u00f5es<\/strong> da <strong>comiss\u00e3o avaliadora<\/strong>. Caso o <strong>apresentador<\/strong> n\u00e3o esteja presente, o <strong>certificado de apresenta\u00e7\u00e3o ou premia\u00e7\u00e3o<\/strong> n\u00e3o ser\u00e1 emitido.<\/p>\n\n\n\n<p>&#8211; Qualquer <strong>extrapola\u00e7\u00e3o de tempo<\/strong> ou descumprimento das <strong>normas do modelo de apresenta\u00e7\u00e3o<\/strong> poder\u00e1 resultar em <strong>penalidades<\/strong>.<\/p>\n\n\n\n<h3 class=\"wp-block-heading\"><strong>Avalia\u00e7\u00e3o das apresenta\u00e7\u00f5es orais<\/strong><\/h3>\n\n\n\n<p>&#8211; A <strong>comiss\u00e3o cient\u00edfica avaliadora<\/strong> das <strong>apresenta\u00e7\u00f5es orais<\/strong> ser\u00e1 composta por <strong>membros<\/strong> e <strong>egressos<\/strong> do <strong>Programa de P\u00f3s-Gradua\u00e7\u00e3o em Microbiologia<\/strong> da <strong>Universidade Estadual de Londrina<\/strong>, indicados pela <strong>Comiss\u00e3o Organizadora<\/strong>.<\/p>\n\n\n\n<p>&#8211; A <strong>apresenta\u00e7\u00e3o oral<\/strong> ser\u00e1 analisada por uma <strong>comiss\u00e3o avaliadora<\/strong> designada para a <strong>\u00e1rea de escolha<\/strong> do autor, ou conforme o <strong>remanejamento<\/strong> realizado pela <strong>comiss\u00e3o cient\u00edfica<\/strong>, caso julgue necess\u00e1rio.<\/p>\n\n\n\n<p>&#8211; Ser\u00e3o selecionadas as <strong>melhores apresenta\u00e7\u00f5es<\/strong> de cada <strong>\u00e1rea<\/strong> para <strong>premia\u00e7\u00e3o<\/strong>, a ser realizada no dia <strong>15 de agosto de 2025<\/strong>, durante o <strong>encerramento do evento<\/strong>.<\/p>\n\n\n\n<p>&#8211; Qualquer <strong>apresenta\u00e7\u00e3o<\/strong> que apresentar <strong>irregularidades<\/strong> poder\u00e1 ser <strong>penalizada<\/strong> ou <strong>desclassificada<\/strong><\/p>\n\n\n\n<div class=\"wp-block-buttons is-content-justification-center is-layout-flex wp-container-core-buttons-is-layout-16018d1d wp-block-buttons-is-layout-flex\">\n<div class=\"wp-block-button is-style-fill\"><a class=\"wp-block-button__link has-cinza-claro-color has-text-color has-background has-link-color has-text-align-center wp-element-button\" href=\"https:\/\/eventos.uel.br\/cpm\/wp-content\/uploads\/2025\/02\/Modelo-Apresentacao-Oral.pptx\" style=\"background-color:#003e3b\">MODELO APRESENTA\u00c7\u00c3O ORAL<\/a><\/div>\n\n\n\n<div class=\"wp-block-button is-style-fill\"><a class=\"wp-block-button__link has-cinza-claro-color has-text-color has-background has-link-color wp-element-button\" href=\"https:\/\/eventos.uel.br\/cpm\/wp-content\/uploads\/2025\/02\/Modelo-Apresentacao-Oral-Relato-de-Caso.pptx\" style=\"background-color:#003e3b\">MODELO APRESENTA\u00c7\u00c3O ORAL &#8211; Relato de Caso<\/a><\/div>\n<\/div>\n\n\n\n<p><\/p>\n","protected":false},"excerpt":{"rendered":"<p>Os candidatos selecionados para a apresenta\u00e7\u00e3o oral ser\u00e3o notificados por e-mail pela comiss\u00e3o cient\u00edfica at\u00e9 o dia 01 de Agosto de 2025. A apresenta\u00e7\u00e3o oral dever\u00e1 ser enviada em formato PowerPoint (.pptx) at\u00e9 o dia 07 de Agosto de 2025. Confec\u00e7\u00e3o da apresenta\u00e7\u00e3o oral &#8211; O material a ser exibido na apresenta\u00e7\u00e3o oral deve ser [&hellip;]<\/p>\n","protected":false},"author":8,"featured_media":0,"parent":0,"menu_order":0,"comment_status":"closed","ping_status":"closed","template":"","meta":{"_acf_changed":false,"footnotes":""},"class_list":["post-310","page","type-page","status-publish","hentry"],"acf":[],"_links":{"self":[{"href":"https:\/\/eventos.uel.br\/cpm\/wp-json\/wp\/v2\/pages\/310","targetHints":{"allow":["GET"]}}],"collection":[{"href":"https:\/\/eventos.uel.br\/cpm\/wp-json\/wp\/v2\/pages"}],"about":[{"href":"https:\/\/eventos.uel.br\/cpm\/wp-json\/wp\/v2\/types\/page"}],"author":[{"embeddable":true,"href":"https:\/\/eventos.uel.br\/cpm\/wp-json\/wp\/v2\/users\/8"}],"replies":[{"embeddable":true,"href":"https:\/\/eventos.uel.br\/cpm\/wp-json\/wp\/v2\/comments?post=310"}],"version-history":[{"count":13,"href":"https:\/\/eventos.uel.br\/cpm\/wp-json\/wp\/v2\/pages\/310\/revisions"}],"predecessor-version":[{"id":461,"href":"https:\/\/eventos.uel.br\/cpm\/wp-json\/wp\/v2\/pages\/310\/revisions\/461"}],"wp:attachment":[{"href":"https:\/\/eventos.uel.br\/cpm\/wp-json\/wp\/v2\/media?parent=310"}],"curies":[{"name":"wp","href":"https:\/\/api.w.org\/{rel}","templated":true}]}}