{"id":150,"date":"2024-06-11T10:00:00","date_gmt":"2024-06-11T13:00:00","guid":{"rendered":"https:\/\/eventos.uel.br\/cpm\/?page_id=150"},"modified":"2025-07-28T15:46:15","modified_gmt":"2025-07-28T18:46:15","slug":"normal-e-modelos-poster","status":"publish","type":"page","link":"https:\/\/eventos.uel.br\/cpm\/normal-e-modelos-poster\/","title":{"rendered":"Normas e Modelo &#8211; P\u00f4ster"},"content":{"rendered":"\n<p><\/p>\n\n\n\n<h3 class=\"wp-block-heading\"><strong>Confec\u00e7\u00e3o e envio dos p\u00f4steres.<\/strong><\/h3>\n\n\n\n<p>&#8211; O material a ser apresentado no <strong>p\u00f4ster<\/strong> durante o evento deve ser <strong>substancialmente semelhante<\/strong> \u00e0quele descrito no <strong>resumo aprovado<\/strong>. O <strong>t\u00edtulo<\/strong>, os <strong>autores<\/strong> e o <strong>conte\u00fado cient\u00edfico<\/strong> devem ser <strong>id\u00eanticos<\/strong> aos informados no <strong>resumo<\/strong>.<\/p>\n\n\n\n<p>&#8211; O <strong>p\u00f4ster<\/strong> dever\u00e1 conter as se\u00e7\u00f5es de <strong>Introdu\u00e7\u00e3o<\/strong>, <strong>Justificativa<\/strong>, <strong>Objetivos<\/strong>, <strong>Resultados<\/strong> e <strong>Conclus\u00e3o<\/strong>, obedecendo rigorosamente ao modelo de apresenta\u00e7\u00e3o disponibilizado.<\/p>\n\n\n\n<p>&#8211; O <strong>p\u00f4ster<\/strong> deve ser redigido em <strong>Portugu\u00eas<\/strong> e dever\u00e1 ser confeccionado nas dimens\u00f5es de <strong>120 x 90 cm<\/strong> em lona fosca.<\/p>\n\n\n\n<p>&#8211; O <strong>nome do apresentador<\/strong> deve ser destacado em <strong>negrito<\/strong> e <strong>sublinhado<\/strong> no <strong>p\u00f4ster<\/strong>.<\/p>\n\n\n\n<p>&#8211; O <strong>p\u00f4ster<\/strong> dever\u00e1 ser entregue \u00e0 <strong>Comiss\u00e3o Organizadora<\/strong> durante o <strong>credenciamento<\/strong>, ocasi\u00e3o em que ser\u00e1 identificado com o <strong>c\u00f3digo correspondente<\/strong>. A <strong>apresenta\u00e7\u00e3o<\/strong> do p\u00f4ster ser\u00e1 de responsabilidade do <strong>inscrito<\/strong> que submeteu o resumo e consta como <strong>apresentador oficial<\/strong>.<\/p>\n\n\n\n<p>&#8211; N\u00e3o ser\u00e1 permitida a <strong>indica\u00e7\u00e3o de mais de um apresentador<\/strong> para o mesmo <strong>p\u00f4ste<\/strong>r, assim como<strong> n\u00e3o ser\u00e1 permitida a apresenta\u00e7\u00e3o de mais de um <\/strong>p\u00f4ster <strong>por inscrito.<\/strong><\/p>\n\n\n\n<p>&#8211; Um <strong>modelo de p\u00f4ster<\/strong> est\u00e1 dispon\u00edvel para consulta e utiliza\u00e7\u00e3o, sendo <strong>obrigat\u00f3rio seu uso<\/strong>. \u00c9 <strong>estritamente proibida qualquer altera\u00e7\u00e3o<\/strong> no <strong>layout ou design<\/strong> do modelo, exceto pela redistribui\u00e7\u00e3o de <strong>espa\u00e7amento entre os t\u00f3picos<\/strong>.<\/p>\n\n\n\n<p>&#8211; \u00c9 permitida a inser\u00e7\u00e3o de <strong>tabelas<\/strong>, <strong>gr\u00e1ficos<\/strong> e <strong>imagens<\/strong> que facilitem a compreens\u00e3o do <strong>resumo<\/strong>.<\/p>\n\n\n\n<p>&#8211; <strong>P\u00f4steres<\/strong> que n\u00e3o estejam em conformidade com o <strong>modelo<\/strong> e as <strong>normas estabelecidas<\/strong> ser\u00e3o automaticamente <strong>desclassificados<\/strong>, n\u00e3o sendo <strong>avaliados<\/strong> nem considerados para a <strong>premia\u00e7\u00e3o<\/strong>.<\/p>\n\n\n\n<p><strong>Observa\u00e7\u00e3o adicional:<\/strong> Certifique-se de que o <strong>p\u00f4ster<\/strong> seja visualmente claro e apresente informa\u00e7\u00f5es concisas e organizadas para facilitar sua compreens\u00e3o pelo p\u00fablico e pela comiss\u00e3o avaliadora.<\/p>\n\n\n\n<h3 class=\"wp-block-heading has-text-align-left\"><strong>Apresenta\u00e7\u00e3o dos p\u00f4steres<\/strong><\/h3>\n\n\n\n<p>&#8211; Os <strong>p\u00f4steres<\/strong> ser\u00e3o apresentados no dia <strong>13 de agosto<\/strong>, \u00e0s <strong>14 horas<\/strong>.<\/p>\n\n\n\n<p>&#8211; Recomenda-se que o <strong>apresentador<\/strong> esteja posicionado em frente ao seu <strong>trabalho<\/strong> com, pelo menos, <strong>10 minutos<\/strong> de anteced\u00eancia.<\/p>\n\n\n\n<p>&#8211; Cada <strong>apresentador<\/strong> ter\u00e1 aproximadamente <strong>10 a 15 minutos<\/strong> para a <strong>apresenta\u00e7\u00e3o<\/strong>, incluindo uma poss\u00edvel <strong>argui\u00e7\u00e3o<\/strong> pelo(a) avaliador(a).<\/p>\n\n\n\n<p>&#8211; Aqueles que extrapolarem o <strong>tempo limite<\/strong> ou n\u00e3o seguirem o <strong>layout<\/strong> do <strong>p\u00f4ster<\/strong> poder\u00e3o ser <strong>penalizados<\/strong>.<\/p>\n\n\n\n<p>&#8211; O <strong>barema de avalia\u00e7\u00e3o<\/strong> seguir\u00e1 as <strong>regras pr\u00e9-estabelecidas<\/strong> pela comiss\u00e3o cient\u00edfica.<\/p>\n\n\n\n<h3 class=\"wp-block-heading has-text-align-left\"><strong>Avalia\u00e7\u00e3o dos p\u00f4steres<\/strong><\/h3>\n\n\n\n<p>&#8211; A <strong>comiss\u00e3o cient\u00edfica avaliadora<\/strong> dos <strong>p\u00f4steres<\/strong> ser\u00e1 composta por <strong>membros<\/strong> e <strong>egressos<\/strong> do <strong>Programa de P\u00f3s-Gradua\u00e7\u00e3o em Microbiologia<\/strong> da <strong>Universidade Estadual de Londrina<\/strong>, indicados pela <strong>comiss\u00e3o organizadora<\/strong>.<\/p>\n\n\n\n<p>&#8211; Todos os <strong>p\u00f4steres<\/strong> e <strong>resumos submetidos<\/strong> ser\u00e3o analisados pela <strong>comiss\u00e3o avaliadora<\/strong> correspondente \u00e0 <strong>\u00e1rea de escolha do autor<\/strong> ou conforme o <strong>remanejamento<\/strong> realizado pela <strong>comiss\u00e3o cient\u00edfica<\/strong>, caso seja considerado necess\u00e1rio.<\/p>\n\n\n\n<p>&#8211; Trabalhos que estiverem fora das <strong>normas estabelecidas<\/strong> poder\u00e3o ser <strong>penalizados<\/strong>.<\/p>\n\n\n\n<p class=\"has-text-align-center\">Ser\u00e1 selecionado um trabalho de destaque em cada uma das cinco grandes \u00e1reas da microbiologia : <strong>Microbiologia M\u00e9dica<\/strong> (Bacteriologia, Micologia e Virologia),<strong> Microbiologia Ambiental<\/strong> (Bacteriologia, Micologia e Virologia), <strong>Microbiologia de Alimentos<\/strong>, <strong>Biotecnologia e Inova\u00e7\u00e3o<\/strong>, e <strong>Microbiologia Veterin\u00e1ria<\/strong>, para receber men\u00e7\u00e3o honrosa como melhor trabalho apresentado na modalidade p\u00f4ster.<\/p>\n\n\n\n<div class=\"wp-block-buttons is-content-justification-center is-layout-flex wp-container-core-buttons-is-layout-16018d1d wp-block-buttons-is-layout-flex\">\n<div class=\"wp-block-button\"><a class=\"wp-block-button__link has-cinza-claro-color has-text-color has-background has-link-color has-text-align-center wp-element-button\" href=\"https:\/\/eventos.uel.br\/cpm\/wp-content\/uploads\/2025\/07\/POSTER-VCPM.pptx\" style=\"background-color:#003e3b\">MODELO P\u00d4STER<\/a><\/div>\n\n\n\n<div class=\"wp-block-button\"><a class=\"wp-block-button__link has-cinza-claro-color has-text-color has-background has-link-color wp-element-button\" href=\"https:\/\/eventos.uel.br\/cpm\/wp-content\/uploads\/2025\/07\/POSTER-Relato-de-Caso-VCPM.pptx\" style=\"background-color:#003e3b\">MODELO P\u00d4STER &#8211; Relato de Caso<\/a><\/div>\n<\/div>\n\n\n\n<p><\/p>\n\n\n\n<p><\/p>\n","protected":false},"excerpt":{"rendered":"<p>Confec\u00e7\u00e3o e envio dos p\u00f4steres. &#8211; O material a ser apresentado no p\u00f4ster durante o evento deve ser substancialmente semelhante \u00e0quele descrito no resumo aprovado. O t\u00edtulo, os autores e o conte\u00fado cient\u00edfico devem ser id\u00eanticos aos informados no resumo. &#8211; O p\u00f4ster dever\u00e1 conter as se\u00e7\u00f5es de Introdu\u00e7\u00e3o, Justificativa, Objetivos, Resultados e Conclus\u00e3o, obedecendo [&hellip;]<\/p>\n","protected":false},"author":8,"featured_media":0,"parent":0,"menu_order":0,"comment_status":"closed","ping_status":"closed","template":"","meta":{"_acf_changed":false,"footnotes":""},"class_list":["post-150","page","type-page","status-publish","hentry"],"acf":[],"_links":{"self":[{"href":"https:\/\/eventos.uel.br\/cpm\/wp-json\/wp\/v2\/pages\/150","targetHints":{"allow":["GET"]}}],"collection":[{"href":"https:\/\/eventos.uel.br\/cpm\/wp-json\/wp\/v2\/pages"}],"about":[{"href":"https:\/\/eventos.uel.br\/cpm\/wp-json\/wp\/v2\/types\/page"}],"author":[{"embeddable":true,"href":"https:\/\/eventos.uel.br\/cpm\/wp-json\/wp\/v2\/users\/8"}],"replies":[{"embeddable":true,"href":"https:\/\/eventos.uel.br\/cpm\/wp-json\/wp\/v2\/comments?post=150"}],"version-history":[{"count":16,"href":"https:\/\/eventos.uel.br\/cpm\/wp-json\/wp\/v2\/pages\/150\/revisions"}],"predecessor-version":[{"id":468,"href":"https:\/\/eventos.uel.br\/cpm\/wp-json\/wp\/v2\/pages\/150\/revisions\/468"}],"wp:attachment":[{"href":"https:\/\/eventos.uel.br\/cpm\/wp-json\/wp\/v2\/media?parent=150"}],"curies":[{"name":"wp","href":"https:\/\/api.w.org\/{rel}","templated":true}]}}